{"id":41,"date":"2018-08-16T16:29:44","date_gmt":"2018-08-16T15:29:44","guid":{"rendered":"http:\/\/www.scenesbuissonnieres.com\/scenesB\/?page_id=41"},"modified":"2023-04-06T20:42:02","modified_gmt":"2023-04-06T19:42:02","slug":"les-editions","status":"publish","type":"page","link":"https:\/\/www.scenesbuissonnieres.com\/scenesB\/festival\/les-editions\/","title":{"rendered":"Les \u00e9ditions"},"content":{"rendered":"<p><span style=\"color: #ff0000;\"><strong>2018 : 20\u00e8me \u00e9dition<\/strong><\/span><\/p>\n<p><span style=\"color: #008000;\">Castres-Gironde<\/span><\/p>\n<p><span style=\"color: #000000;\"><strong>Il \u00e9tait une fois \u2026 nos 20 ans\u00a0!<\/strong><\/span><\/p>\n<p><span style=\"color: #000000;\">\u00c7a y est, on les a f\u00eat\u00e9s nos 20 ans\u00a0!<\/span><br \/>\n<span style=\"color: #000000;\">C\u2019est \u00e0 Castres-Gironde o\u00f9 le Festival des Sc\u00e8nes Buissonni\u00e8res s\u2019est install\u00e9 pour la 2<sup>\u00e8me<\/sup> ann\u00e9e en ce d\u00e9but d\u2019\u00e9t\u00e9 2018 que \u00e7a s\u2019est pass\u00e9.<\/span><br \/>\n<span style=\"color: #000000;\">Mais \u00e7a a \u00e9t\u00e9 l\u2019occasion d\u2019exp\u00e9rimenter plein de premi\u00e8res fois\u00a0!<\/span><br \/>\n<span style=\"color: #000000;\"><strong>Pour la premi\u00e8re fois<\/strong> nous sommes labellis\u00e9s <span style=\"text-decoration: underline;\">\u00ab\u00a0Sc\u00e8nes d\u2019\u00e9t\u00e9\u00a0\u00bb<\/span> par le D\u00e9partement de la Gironde.<\/span><br \/>\n<span style=\"color: #000000;\">Cette reconnaissance l\u2019ann\u00e9e de nos 20 ans nous honore et nous oblige. C\u2019est un tr\u00e8s beau cadeau d\u2019anniversaire qui nous donne acc\u00e8s \u00e0 une couverture m\u00e9diatique amplifi\u00e9e et \u00e0 une dotation accrue en mat\u00e9riel de l\u2019IDDAC.<\/span><br \/>\n<span style=\"color: #000000;\"><strong>Pour la premi\u00e8re fois<\/strong> le festival ouvre <span style=\"text-decoration: underline;\">le jeudi soir<\/span> avec Le Balbizar, un bal spectacle festif et plein d\u2019\u00e9lan, po\u00e9tique et d\u00e9concertant propos\u00e9 par la Compagnie Le Chat Perplexe dans le cadre du COTEAC mis en place par la Communaut\u00e9 de Communes de Montesquieu.<\/span><br \/>\n<span style=\"color: #000000;\">Le vendredi, le cours habituel du festival se met en place et, pendant 3 jours, 34 compagnies (beaucoup d\u2019habitu\u00e9es et quelques-unes<strong> pour la premi\u00e8re fois<\/strong>) proposent une cinquantaine de repr\u00e9sentations de th\u00e9\u00e2tre, de musique et de chant, de danse et d\u2019improvisations.<\/span><br \/>\n<span style=\"color: #000000;\">Pour terminer la soir\u00e9e du Vendredi les 2 filles de la Compagnie Betty Blues qu\u2019on avait d\u00e9j\u00e0 re\u00e7ues \u00e0 Saucats nous pr\u00e9sentent leur dernier spectacle \u00ab\u00a0La Loi de la Jungle\u00a0\u00bb dans le th\u00e9\u00e2tre de verdure du Bois de Savis qui affiche complet.<\/span><br \/>\n<span style=\"color: #000000;\">Le samedi, d\u00e8s 15 h, les spectacles vari\u00e9s sont propos\u00e9s sur les divers lieux de sc\u00e8nes \u00e0 un public qui ne s\u2019est pas d\u00e9courag\u00e9 face \u00e0 la chaleur et qui a su r\u00e9sister \u00e0 l\u2019appel du ballon rond\u00a0!<\/span><br \/>\nLes jeunes b\u00e9n\u00e9voles, mobilis\u00e9s <strong>pour la premi\u00e8re fois<\/strong> \u00e0 Castres, rencontrent ce public\u00a0: ils nous aident \u00e0 coller les traditionnelles gommettes qui nous permettent d\u2019\u00e9valuer la fr\u00e9quentation (environ 3 000 spectateurs cette ann\u00e9e) et \u00e0 enregistrer les r\u00e9ponses \u00e0 notre petit questionnaire qui nous permet de mieux conna\u00eetre ces spectateurs. Ils peuvent aussi d\u00e9couvrir la diversit\u00e9 des spectacles offerts.<br \/>\n<span style=\"color: #000000;\">En fin d\u2019apr\u00e8s-midi la Compagnie Le fond de l\u2019eau donne une conf\u00e9rence \u00e0 l\u2019attention de tous, grands et petits, pour r\u00e9habiliter le \u00ab\u00a0grand m\u00e9chant loup\u00a0\u00bb\u00a0: Le loup dans tous ses \u00e9tats.<\/span><br \/>\n<span style=\"color: #000000;\">Suivent les discours qui permettent de rappeler les grandes \u00e9tapes de l\u2019histoire du festival, l\u2019ap\u00e9ritif offert par la municipalit\u00e9 et les repas pr\u00e9par\u00e9s et servis par les b\u00e9n\u00e9voles de la commune d\u2019accueil.<\/span><br \/>\n<span style=\"color: #000000;\"><strong>Pour la premi\u00e8re fois<\/strong> on a d\u00fb annuler un spectacle de cl\u00f4ture (c\u2019est moins dr\u00f4le) \u00e0 cause de l\u2019orage qui nous a surpris le samedi soir. Mais le Barber Shop Quartet nous a promis de venir nous offrir son spectacle une prochaine fois.<\/span><br \/>\n<span style=\"color: #000000;\">La m\u00e9t\u00e9o plut\u00f4t cl\u00e9mente cette ann\u00e9e, juste retour des choses apr\u00e8s les turbulences de l\u2019ann\u00e9e derni\u00e8re, nous avait r\u00e9serv\u00e9 ce caprice. Quatre autres spectacles ont \u00e9t\u00e9 interrompus\u00a0: certains ont poursuivi sous la pluie, d\u2019autres se sont r\u00e9fugi\u00e9s \u00e0 l\u2019int\u00e9rieur, un n\u2019a pas pu reprendre. Nous pouvons saluer le courage des troupes concern\u00e9es, celui du public, des r\u00e9gisseurs et des b\u00e9n\u00e9voles en vert ou en fuchsia qui les ont accompagn\u00e9s dans cette gal\u00e8re.<\/span><br \/>\n<span style=\"color: #000000;\">Dimanche matin, sous un ciel rass\u00e9r\u00e9n\u00e9, le traditionnel \u00ab after \u00bb, a rassembl\u00e9 troupes, b\u00e9n\u00e9voles et responsables de la commune et du festival pour faire le bilan de cette 2<sup>\u00e8me<\/sup> \u00e9dition castraise et pour tirer en particulier les le\u00e7ons de nos premi\u00e8res fois.<\/span><br \/>\n<span style=\"color: #000000;\"><strong>Pour la premi\u00e8re fois<\/strong> le spectacle professionnel du dimanche est programm\u00e9 en d\u00e9but d\u2019apr\u00e8s-midi, c\u2019est peut-\u00eatre pour \u00e7a que Ga\u00ebtan se retrouve seul pour d\u00e9baller sa \u00ab\u00a0Vie de Grenier\u00a0\u00bb face \u00e0 un public hilare.<\/span><br \/>\n<span style=\"color: #000000;\">Les derniers spectacles ont \u00e9t\u00e9 pr\u00e9sent\u00e9s ensuite avant la cl\u00f4ture en musique, dans la salle des f\u00eates (nouvelle alerte \u00ab\u00a0orages\u00a0\u00bb oblige) pour f\u00eater comme il se doit ce 20<sup>\u00e8me<\/sup> anniversaire des Sc\u00e8nes Buissonni\u00e8res mais aussi les 20 ans de la Band \u2019\u00e0 L\u00e9o.<\/span><br \/>\n<span style=\"color: #000000;\">Un grand MERCI \u00e0 Monsieur le Maire de Castres-Gironde, \u00e0 l\u2019ensemble de son \u00e9quipe municipale, aux agents municipaux et aux b\u00e9n\u00e9voles qui nous ont accueillis durant ces 2 derni\u00e8res ann\u00e9es.<\/span><br \/>\n<span style=\"color: #000000;\">L\u2019ann\u00e9e prochaine, nous quittons les bords de Garonne que nous fr\u00e9quentons depuis 6 ans pour vous donner rendez-vous dans la for\u00eat de la Lande Girondine \u00e0 Cabanac-et-Villagrains.<\/span><\/p>\n<p>Les troupes du Festival 2018 :<\/p>\n<ul>\n<li>Hand to Hand \u00a0<a href=\"http:\/\/www.handtohand33.fr\/\">&gt;&gt;&gt;<\/a><\/li>\n<li>Les Mille Sources<\/li>\n<li>AJM Th\u00e9\u00e2tre Enfants <a href=\"https:\/\/www.facebook.com\/jeunesmusicos\/\">&gt;&gt;&gt;<\/a><\/li>\n<li>Les Nougateens <a href=\"https:\/\/associationnougatine.jimdo.com\/\">&gt;&gt;&gt;<\/a><\/li>\n<li>Mascarons Th\u00e9\u00e2tre <a href=\"https:\/\/www.facebook.com\/MascaronsTheatre33\">&gt;&gt;&gt;<\/a><\/li>\n<li>Th\u00e9\u00e2tre Masqu\u00e9 <a href=\"http:\/\/ajguil.net\/ura\/les-troupes\/theatre-masque\">&gt;&gt;&gt;<\/a><\/li>\n<li>UZ\u2019LASCENE <a href=\"https:\/\/www.facebook.com\/jeanmarie.leglise.1\">&gt;&gt;&gt;<\/a><\/li>\n<li>Arscenic Th\u00e9\u00e2tre<\/li>\n<li>Les Z\u2019Improductibles <a href=\"https:\/\/www.facebook.com\/Les-Zimproductibles-204949026192737\/\">&gt;&gt;&gt;<\/a><\/li>\n<li>Th\u00e9 en Vrac <a href=\"https:\/\/www.facebook.com\/The-en-vrac-576838072444373\/\">&gt;&gt;&gt;<\/a><\/li>\n<li>TQAD <a href=\"https:\/\/associationnougatine.jimdo.com\/\">&gt;&gt;&gt;<\/a><\/li>\n<li>ACTE <a href=\"https:\/\/www.facebook.com\/ACTEBeautiran\">&gt;&gt;&gt;<\/a><\/li>\n<li>Les Goualeurs de Paludate <a href=\"https:\/\/www.youtube.com\/channel\/UCXKOlmSefCVLtPKubd8Ju4w?reload=9\">&gt;&gt;&gt;<\/a><\/li>\n<li>Sans Sc\u00e8ne Fixe <a href=\"http:\/\/ajguil.net\/ura\/les-troupes\/theatre-masque\">&gt;&gt;&gt;<\/a><\/li>\n<li>La Cl\u00e9 des Vignes<\/li>\n<li>Actipousses <a href=\"https:\/\/www.facebook.com\/ACTEBeautiran\">&gt;&gt;&gt;<\/a><\/li>\n<li>Les Lions de Guyenne<\/li>\n<li>Les Enfants du P\u00e9risco<\/li>\n<li>La Sauce Th\u00e9\u00e2tre <a href=\"http:\/\/www.lasaucetheatre.org\/\">&gt;&gt;&gt;<\/a><\/li>\n<li>Les AdOrateurs <a href=\"https:\/\/associationnougatine.jimdo.com\/\">&gt;&gt;&gt;<\/a><\/li>\n<li>Compagnie de la Laurence <a href=\"http:\/\/www.ciedelalaurence.com\/\">&gt;&gt;&gt;<\/a><\/li>\n<li>Voix Si, Voix La<\/li>\n<li>Compagnie des Ateliers de Musique <a href=\"http:\/\/www.academie-harmonie-graves.org\/\">&gt;&gt;&gt;<\/a><\/li>\n<li>Les Lames de Montesquieu <a href=\"https:\/\/sites.google.com\/site\/labredeescrime\/le-club-1\">&gt;&gt;&gt;<\/a><\/li>\n<li>Atelier des Troubadours <a href=\"https:\/\/www.facebook.com\/troubadours3?hc_ref=ARRwMcbZj5n37lIN9mWkQD5yIng1aKWIhBcRKBqgpC6jCYhqb7rG2v6R3-4oLTOIW2o&amp;fref=nf\">&gt;&gt;&gt;<\/a><\/li>\n<li>Les Affreux disent Yak <a href=\"http:\/\/lesaffreuxdisentyak.free.fr\/\">&gt;&gt;&gt;<\/a><\/li>\n<li>Th\u00e9\u00e2tre du Nonchaloir <a href=\"https:\/\/www.facebook.com\/theatrenonchaloir\/\">&gt;&gt;&gt;<\/a><\/li>\n<li>Les Actillons <a href=\"https:\/\/www.facebook.com\/ACTEBeautiran\">&gt;&gt;&gt;<\/a><\/li>\n<li>La Band \u2019\u00e0 L\u00e9o <a href=\"http:\/\/bandaleo.com\/\">&gt;&gt;&gt;<\/a><\/li>\n<li>Compagnie Le Chat Perplexe <a href=\"http:\/\/lechatperplexe.com\/\">&gt;&gt;&gt;<\/a><\/li>\n<li>Compagnie Betty Blues <a href=\"https:\/\/fr-fr.facebook.com\/CompagnieBettyBlues\/\">&gt;&gt;&gt;<\/a><\/li>\n<li>Compagnie Le Fond de l\u2019Eau <a href=\"http:\/\/le-fond-de-leau.byethost11.com\/\">&gt;&gt;&gt;<\/a><\/li>\n<li>Compagnie Barber Shop Quartet <a href=\"http:\/\/www.barber-shop-quartet.net\/\">&gt;&gt;&gt;<\/a><\/li>\n<li>Carnage Productions <a href=\"http:\/\/www.carnageproductions.fr\/\">&gt;&gt;&gt;<\/a><\/li>\n<\/ul>\n<p>\u2026 et aussi\u00a0:<\/p>\n<ul>\n<li>La librairie itin\u00e9rante \u00ab\u00a0D\u2019abord des Livres\u00a0\u00bb <a href=\"http:\/\/www.facebook.com\/Dabord.Des.Livres.A.Bord\">&gt;&gt;&gt;<\/a><\/li>\n<li>Les jeux surdimensionn\u00e9s de l\u2019AJC Ludoth\u00e8que<\/li>\n<li>Les visites de l\u2019\u00e9glise Saint-Martin<\/li>\n<\/ul>\n<p><span style=\"color: #ff0000;\"><strong>2<\/strong><\/span><span style=\"color: #ff0000;\"><strong>017 : 19\u00e8me \u00e9dition<\/strong><\/span><\/p>\n<p><span style=\"color: #008000;\">Castres-Gironde<\/span><\/p>\n<p>Continuant sa remont\u00e9e de la Garonne, apr\u00e8s Saint-M\u00e9dard d\u2019Eyrans et Beautiran, le Festival des Sc\u00e8nes Buissonni\u00e8res franchit le G\u00e2t-Mort et plante ses tr\u00e9teaux \u00e0 Castres-Gironde pour sa 19<sup>\u00e8me<\/sup> \u00e9dition.<br \/>\nOn y trouve une configuration bien diff\u00e9rente que celle de Beautiran o\u00f9 nous avions jou\u00e9 sur la zone du bourg, concentr\u00e9e et \u00e0 l\u2019\u00e9cart des axes de circulation\u00a0; ici beaucoup de sites int\u00e9ressants sur un espace \u00e9tendu coup\u00e9 par la RD 1113 (Bordeaux \u2013 Langon) et la route de Saint-Selve.<br \/>\nOn visite les lieux, on y r\u00e9fl\u00e9chit avec les \u00e9lus, et on s\u2019organise pour proposer nos spectacles au sud de la RD 1113 (de la Mairie au Bois de Savis et du ch\u00e2teau Ferrande au Prieur\u00e9) vendredi et samedi, et dans le bourg autour de l\u2019\u00e9glise et de la mairie le dimanche.<br \/>\nEt voil\u00e0 que Jupiter qui vient d\u2019inspirer politiques et m\u00e9dias semble s\u2019int\u00e9resser \u00e0 nous\u00a0! Est-ce ce Dieu du Ciel et du Tonnerre qui a provoqu\u00e9 l\u2019incendie du d\u00e9p\u00f4t de l\u2019IDDAC, notre principal pourvoyeur de mat\u00e9riel technique\u00a0? Est-ce lui qui a promis une perturbation orageuse sur notre territoire pour le week-end de notre \u00e9v\u00e8nement\u00a0?<br \/>\nLa mobilisation de tous et la solidarit\u00e9 des troupes adh\u00e9rentes ou amies et des collectivit\u00e9s locales nous permettent de r\u00e9unir tout le mat\u00e9riel technique qui nous est n\u00e9cessaire. La r\u00e9activit\u00e9 de la commune de Castres, de ses services et de ses b\u00e9n\u00e9voles nous permet de disposer de nouveaux lieux de sc\u00e8nes abrit\u00e9s et d\u2019\u00e9tablir un \u00ab\u00a0plan P\u00a0\u00bb\u00a0: tous les spectacles pourront \u00eatre assur\u00e9s.<br \/>\nC\u2019est ainsi que 615 artistes appartenant \u00e0 47 troupes ont pr\u00e9sent\u00e9 58 spectacles \u00e0 pr\u00e8s de 3000 spectateurs qui ont affront\u00e9 les averses et les bourrasques pour venir les applaudir en composant avec les d\u00e9localisations de derni\u00e8re heure. Un grand merci \u00e0 eux qui ont aussi r\u00e9pondu avec le sourire au petit questionnaire auquel nous les avons soumis pour la premi\u00e8re fois cette ann\u00e9e.<br \/>\nComme nous en avons pris l\u2019habitude depuis Beautiran, les enfants des \u00e9coles ont assur\u00e9 l\u2019ouverture du festival le vendredi soir en pr\u00e9sentant un spectacle musical, anim\u00e9 et color\u00e9 avant de laisser la place \u00e0 d\u2019autres troupes d\u2019enfants puis aux adultes\u00a0: th\u00e9\u00e2tre, musique, danse, contes, chant et improvisation ont anim\u00e9 Castres-Gironde pendant 3 jours.<br \/>\nPour terminer cette premi\u00e8re soir\u00e9e, le nouveau spectacle pr\u00e9sent\u00e9 par H\u00e9l\u00e8ne Boutard et J\u00e9r\u00f4me Martin, \u00ab\u00a0Les Passagers\u00a0\u00bb\u00a0: musique, humour et po\u00e9sie\u00a0: pourquoi ne faire que passer, autant n\u2019\u00eatre pas sage.<br \/>\nLe samedi, d\u00e8s 15 h, reprise des spectacles vari\u00e9s sur les divers lieux de sc\u00e8nes et, au b\u00e9n\u00e9fice d\u2019une accalmie, on commence \u00e0 se risquer \u00e0 l\u2019ext\u00e9rieur.<br \/>\nApr\u00e8s les traditionnels discours qui ont pr\u00e9c\u00e9d\u00e9 le myst\u00e9rieux breuvage bleu offert par la municipalit\u00e9 en guise d\u2019ap\u00e9ritif, les sandwiches et plateaux repas ont pu \u00eatre propos\u00e9s par les b\u00e9n\u00e9voles de la commune aux nombreux festivaliers, malgr\u00e9 les pannes de friteuses (encore Jupiter\u00a0?)<br \/>\nEn fin de soir\u00e9e la Companie Zygomatic pr\u00e9sente \u00ab\u00a0Manger\u00a0\u00bb, un spectacle humoristique et engag\u00e9 contre le consum\u00e9risme et la malbouffe.<br \/>\nDimanche matin le traditionnel \u00ab\u00a0after\u00a0\u00bb,\u00a0debriefing \u00e0 chaud, a permis \u00e0 tous de faire le bilan de cette 1<sup>\u00e8re<\/sup> \u00e9dition castraise et d\u2019en tirer les le\u00e7ons pour s\u2019am\u00e9liorer encore l\u2019ann\u00e9e prochaine.<br \/>\nLes derniers spectacles ont \u00e9t\u00e9 pr\u00e9sent\u00e9s l\u2019apr\u00e8s-midi en plein air avant la cl\u00f4ture, dans une salle des f\u00eates comble, par le Concertoc propos\u00e9 par Oh\u00e9 la Compagnie, spectacle labellis\u00e9 \u00ab\u00a0Sc\u00e8nes d\u2019\u00e9t\u00e9 en Gironde\u00a0\u00bb, un duo comique et touchant qui nous a plong\u00e9 dans un univers musical classique \u2026 ou pas.<br \/>\nRendez-vous \u00e0 nouveau \u00e0 Castres-Gironde en 2018 pour nos 20 ans,<\/p>\n<p>Les troupes du Festival 2017\u00a0:<\/p>\n<ul>\n<li>Les \u00e9l\u00e8ves de l\u2019\u00e9cole Lions de Guyenne<\/li>\n<li>Les Mille Sources<\/li>\n<li>AJM Th\u00e9\u00e2tre Enfants<\/li>\n<li>Th\u00e9\u00e2tre \u00e0 Pas de Loup<\/li>\n<li>Th\u00e9 en Vrac<\/li>\n<li>DMasqu\u00e9s<\/li>\n<li>Toler\u2019Danse<\/li>\n<li>TQAD<\/li>\n<li>Musicasyl-Uz\u2019lasc\u00e8ne<\/li>\n<li>Atelier Th\u00e9\u00e2tre Troubadours<\/li>\n<li>Sans Sc\u00e8ne Fixe<\/li>\n<li>Les Kids<\/li>\n<li>La Cl\u00e9 des Vignes<\/li>\n<li>Les Enfants du P\u00e9risco<\/li>\n<li>Les Actillons<\/li>\n<li>Association Gala<\/li>\n<li>Cinematix<\/li>\n<li>Les AdOrateurs<\/li>\n<li>Laurados<\/li>\n<li>Compagnie du Portail<\/li>\n<li>Acad\u00e9mie des Arts<\/li>\n<li>Compagnie La Joyeuse<\/li>\n<li>Voix Si, Voix La<\/li>\n<li>Les Z\u2019Improductibles<\/li>\n<li>Compagnie Incertitude<\/li>\n<li>Les Affreux disent Yak<\/li>\n<li>Acte<\/li>\n<li>Compagnie de la Laurence<\/li>\n<li>Les Acteurs de Trouble<\/li>\n<li>La Sauce Th\u00e9\u00e2tre<\/li>\n<li>Les Lames de Montesquieu<\/li>\n<li>Th\u00e9\u00e2tre Masqu\u00e9<\/li>\n<li>Th\u00e9\u00e2tre du Nonchaloir<\/li>\n<li>Carabistouille<\/li>\n<li>Le Flip<\/li>\n<\/ul>\n<p>et les spectacles qui ont cl\u00f4tur\u00e9 nos journ\u00e9es\u00a0:<\/p>\n<ul>\n<li>H\u00e9l\u00e8ne Boutard et J\u00e9r\u00f4me Martin\u00a0: Les Passagers<\/li>\n<li>Compagnie Zygomatic\u00a0: Manger<\/li>\n<li>Oh\u00e9 la Compagnie\u00a0: Concertoc<\/li>\n<\/ul>\n<p><span style=\"color: #ff0000;\"><strong>2016 : 18\u00e8me \u00e9dition<\/strong><\/span><\/p>\n<p><span style=\"color: #008000;\">Beautiran &#8211; Acte II<\/span><\/p>\n<p>Cette deuxi\u00e8me \u00e9dition \u00e0 Beautiran a \u00e9t\u00e9 celle o\u00f9 le Festival des Sc\u00e8nes Buissonni\u00e8res a f\u00eat\u00e9 ses 18 ans d\u2019existence.<br \/>\nUn tr\u00e8s bon mill\u00e9sime tant par la diversit\u00e9 et la qualit\u00e9 des spectacles propos\u00e9s que par la curiosit\u00e9 et l\u2019attention des spectateurs dont l\u2019affluence a battu des records.<br \/>\nPas moins de 580 artistes appartenant \u00e0 une quarantaine de troupes d\u2019amateurs ont pr\u00e9sent\u00e9 59 spectacles \u00e0 pr\u00e8s de 3\u00a0500 spectateurs qui ont d\u00e9laiss\u00e9 quelques temps les matches de l\u2019Euro 2016 pour assister \u00e0 ces repr\u00e9sentations en plein air dans le bourg ferm\u00e9 \u00e0 la circulation automobile pour l\u2019occasion.<br \/>\nApr\u00e8s leur succ\u00e8s de l\u2019ann\u00e9e derni\u00e8re, les enfants des \u00e9coles de Beautiran ont \u00e0 nouveau assur\u00e9 en chansons l\u2019ouverture du festival le vendredi soir.<br \/>\nPlace ensuite au th\u00e9\u00e2tre bien s\u00fbr, mais aussi \u00e0 la musique, \u00e0 la danse, aux contes, \u00e0 la vid\u00e9o, au chant et \u00e0 l\u2019improvisation.<br \/>\nNous avons retrouv\u00e9 le Kollectiff SB constitu\u00e9 des troupes adh\u00e9rentes \u00e0 l\u2019Association des Sc\u00e8nes Buissonni\u00e8res\u00a0: chacune d\u2019entre elles a d\u00e9voil\u00e9 sa personnalit\u00e9 en proposant en moins de 3 mn une d\u00e9clinaison des \u00ab\u00a0Exercices de Style\u00a0\u00bb de Raymond Queneau.<br \/>\nPour terminer cette premi\u00e8re soir\u00e9e\u00a0: Magie \u2026, Illusion \u2026, Arnaque \u2026\u00a0! Le presqu\u2019idigitateur G\u00e9rard Naque nous a litt\u00e9ralement \u00ab\u00a0scoch\u00e9s\u00a0\u00bb.<br \/>\nLe samedi matin, l\u2019habituelle session de formation pour les adh\u00e9rents avait pour programme la d\u00e9couverte et le travail de la voix\u00a0; puis, d\u00e8s 15 h, les artistes ont \u00e0 nouveau investi les divers lieux de sc\u00e8nes pour proposer au public toujours aussi nombreux une grande vari\u00e9t\u00e9 de spectacles.<br \/>\nLors des traditionnels discours qui ont pr\u00e9c\u00e9d\u00e9 le vin d\u2019honneur offert par la municipalit\u00e9, Yves MAYEUX, maire de Beautiran a transmis la cl\u00e9 du festival \u00e0 Daniel CONSTANT, maire de Castres-Gironde qui nous accueillera les deux prochaines ann\u00e9es.<br \/>\nEn fin de soir\u00e9e la Compagnie Imagine, sous pr\u00e9texte d\u2019une initiation au\u00a0\u00ab\u00a0tangoon argent\u00e9\u00a0\u00bb a montr\u00e9 comment complicit\u00e9 et rivalit\u00e9 pouvaient tour \u00e0 tour animer un couple en recherche d\u2019empolo.<br \/>\nDimanche matin le \u00ab\u00a0debriefing\u00a0\u00bb \u00e0 chaud a permis \u00e0 tous les acteurs du festival \u2013 association organisatrice, municipalit\u00e9 d\u2019accueil, troupes participantes, b\u00e9n\u00e9voles, services municipaux, photographes et techniciens \u2013 de faire un bilan globalement positif de cette \u00e9dition tant sur le plan artistique que sur celui de l\u2019organisation et de la logistique.<br \/>\nLes derniers spectacles ont \u00e9t\u00e9 pr\u00e9sent\u00e9s l\u2019apr\u00e8s-midi avant la cl\u00f4ture par le GIVB qui nous a embarqu\u00e9s sur un vol de sa compagnie Art\u2019Line anim\u00e9 de chants, chor\u00e9graphies et autres produits culturels d\u00e9tonants.<br \/>\nRendez-vous \u00e0 Castres-Gironde les 30 juin, 1<sup>er<\/sup> et 2 juillet 2017 pour la 19<sup>\u00e8me<\/sup> \u00e9dition\u00a0!<\/p>\n<p>Les troupes du Festival 2016\u00a0:<\/p>\n<ul>\n<li>Les \u00e9l\u00e8ves de Beautiran<\/li>\n<li>Hand to hand<\/li>\n<li>Les Kids<\/li>\n<li>Les Mille Sources<\/li>\n<li>Musicasyl-Uz\u2019lasc\u00e8ne<\/li>\n<li>NougaTeens<\/li>\n<li>Point Jeunes de Beautiran<\/li>\n<li>DMasqu\u00e9s<\/li>\n<li>Les Z\u2019Improductibles<\/li>\n<li>Toler\u2019Danse<\/li>\n<li>Compagnie La Joyeuse<\/li>\n<li>Acad\u00e9mie des Arts<\/li>\n<li>Laurados<\/li>\n<li>Les Actillons<\/li>\n<li>Cinematix<\/li>\n<li>Compagnie de Thalie<\/li>\n<li>De Si De La<\/li>\n<li>Les AdOrateurs<\/li>\n<li>AJM Th\u00e9\u00e2tre Enfants<\/li>\n<li>Les Enfants du P\u00e9risco<\/li>\n<li>Association Gala<\/li>\n<li>La Troupe du Bazart<\/li>\n<li>Les Acteurs de Trouble<\/li>\n<li>Th\u00e9\u00e2tre Masqu\u00e9<\/li>\n<li>Les Gravissimes<\/li>\n<li>Les Rythmes de l\u2019Aruan<\/li>\n<li>TQAD<\/li>\n<li>Voix Si, Voix La<\/li>\n<li>Acte<\/li>\n<li>Les Affreux disent Yak<\/li>\n<li>Vice Versa<\/li>\n<li>Sans Sc\u00e8ne Fixe<\/li>\n<li>Le Flip<\/li>\n<li>Piano en Aruan<\/li>\n<li>Th\u00e9\u00e2tre du Nonchaloir<\/li>\n<li>Carabistouille<\/li>\n<\/ul>\n<p>et les spectacles qui ont cl\u00f4tur\u00e9 nos journ\u00e9es\u00a0:<\/p>\n<ul>\n<li>G\u00e9rard Naque\u00a0: Le Presqu\u2019idigitateur<\/li>\n<li>Compagnie Imagine\u00a0: Tangoon<\/li>\n<li>GIVB\u00a0: Destination Art\u2019Line<\/li>\n<\/ul>\n<p><span style=\"color: #ff0000;\"><strong>2015 : 17\u00e8me \u00e9dition<\/strong><\/span><br \/>\n<span style=\"color: #008000;\">Beautiran \u2013 Acte I<\/span><\/p>\n<p>Apr\u00e8s 2 sessions \u00e0 Saint-M\u00e9dard d\u2019Eyrans, le Festival des Sc\u00e8nes Buissonni\u00e8res remonte le cours de la Garonne pour accoster \u00e0 Beautiran, Port des Graves, o\u00f9 il s\u00e9journera en 2015 et 2016.<\/p>\n<p>Pour cette 17<sup>\u00e8me<\/sup> \u00e9dition des 3, 4 et 5 juillet 2015, 39 troupes amateurs et 3 troupes professionnelles proposaient 65 repr\u00e9sentations sur une douzaine de sites dans le centre bourg de Beautiran, isol\u00e9 de la circulation automobile pour cette occasion.<\/p>\n<p><span style=\"color: #003300;\"><strong><!--nextpage--><\/strong><\/span><\/p>\n<p><span style=\"color: #ff0000;\"><strong>2014 : 16\u00e8me \u00e9dition<\/strong><\/span><br \/>\n<span style=\"color: #008000;\">Saint-M\u00e9dard d\u2019Eyrans \u2013 Acte II<\/span><\/p>\n<p>Forts de l\u2019exp\u00e9rience de l\u2019ann\u00e9e derni\u00e8re nous avons fait provision de r\u00e9pulsif anti-moustiques, mais les insectes, sans doute effray\u00e9s, ont renonc\u00e9 \u00e0 importuner nos festivaliers. Les scooters se sont faits aussi plus discrets. Le d\u00e9fi cette ann\u00e9e \u00e9tait de faire face \u00e0 quelques individus se disputant un ballon rond sur des pelouses au Br\u00e9sil ! D\u00e9fi gagn\u00e9 puisque nous avons accueilli \u00e0 nouveau quelque<span style=\"color: #800080;\"> 3 000 spectateurs<\/span> venus assister aux <span style=\"color: #800080;\">58 repr\u00e9sentations<\/span> donn\u00e9es par <span style=\"color: #800080;\">43 troupes<\/span>.<\/p>\n<p>Th\u00e9\u00e2tre, mais aussi musique, danse, improvisation, chant, conte et souvent une combinaison de ces diff\u00e9rents genres avec aussi une pointe d\u2019escrime ou de pyrotechnie et bien s\u00fbr humour et bonne humeur ; le tout servi par pr\u00e8s de <span style=\"color: #800080;\">500 artistes de tous \u00e2ges, amateurs et professionnels<\/span>, qui ont pris le risque de se produire en plein air (c\u2019est la marque de ce festival). La m\u00e9t\u00e9o a \u00e9t\u00e9 assez cl\u00e9mente pour \u00e7a : l\u2019orage a \u00e9pargn\u00e9 le spectacle du samedi soir et nous avons pu mettre artistes et spectateurs \u00e0 l\u2019abri des averses du dimanche apr\u00e8s-midi pour mener le festival \u00e0 son terme. <span style=\"color: #800080;\">Nouveaut\u00e9 de cette \u00e9dition : le Kollectiff SB<\/span> qui nous a propos\u00e9 des lectures d\u2019extraits de \u00ab Kamelott \u00bb d\u2019Alexandre Astier et, avant l\u2019ap\u00e9ritif offert par la commune d\u2019accueil samedi soir, un d\u00e9fil\u00e9 surprise tr\u00e8s appr\u00e9ci\u00e9. Du c\u00f4t\u00e9 des spectacles pros, vendredi soir, nous avons fait le plein de vitamines en suivant Augustine qui nous a offert, avec la complicit\u00e9 du public, une visite des coulisses de la sc\u00e8ne, avant de s\u2019y mettre \u00e0 nu.<\/p>\n<p><span style=\"color: #800080;\">Samedi soir, la le\u00e7on de jazz d\u2019Alain Barrab\u00e8s<\/span> a \u00e9t\u00e9 quelque peu <span style=\"color: #800080;\">perturb\u00e9e par l\u2019intrusion de son voisin de piano, Fred Lasnier<\/span>, pour la plus grande joie du public. Pour clore cette \u00e9dition 2014, <span style=\"color: #800080;\">Mathieu Moustache<\/span> nous a entrain\u00e9 dans son <span style=\"color: #800080;\">spectacle tonique et d\u00e9jant\u00e9 de \u00ab circo, musica y flamenco \u00bb<\/span> provoquant une belle frayeur chez un de nos jeunes spectateurs !<\/p>\n<p>Pour mener \u00e0 bien cette \u00e9dition, toujours le concours souriant et efficace des b\u00e9n\u00e9voles : les t-shirts verts des Sc\u00e8nes Buissonni\u00e8res pour guider les spectateurs, leur distribuer les indispensables gommettes et veiller au bon d\u00e9roulement des spectacles, les t-shirts de Saint-M\u00e9dard qui cette ann\u00e9e ont vir\u00e9 du bordeaux au bleu clair pour assurer la logistique : parking, circulation, restauration, buvette,\u2026 Sans oublier nos techniciens qui malgr\u00e9 les probl\u00e8mes qu\u2019ils rencontrent, en tant qu\u2019intermittents du spectacle, et qu\u2019ils ont pu nous exposer, ont assur\u00e9 la r\u00e9gie de toutes les repr\u00e9sentations, \u00e9galement avec sourire et efficacit\u00e9. Rendez-vous <span style=\"color: #800080;\">l\u2019ann\u00e9e prochaine \u00e0 Beautiran<\/span> pour la 17\u00e8me \u00e9dition !<br \/>\nConsultez la <a href=\"https:\/\/vimeo.com\/98957123\">vid\u00e9o<\/a>, compte rendu en images de l&rsquo;\u00e9dition 2013<\/p>\n<p><strong>Ont Particip\u00e9 : <\/strong><br \/>\n&#8211; Les Kids de Pompignac<br \/>\n&#8211; Mille Sources de Martillac<br \/>\n&#8211; MJC La Tourmaline de La Br\u00e8de<br \/>\n&#8211; Ateliers Troubadours de Bazas<br \/>\n&#8211; Les Gravissimes de Gradignan<br \/>\n&#8211; Les Lames de Montesquieu de La Br\u00e8de<br \/>\n&#8211; Le Th\u00e9\u00e2tre Masqu\u00e9 de La Br\u00e8de<br \/>\n&#8211; Toler\u2019Danse de Beautiran<br \/>\n&#8211; Cie de La Laurence de Pompignac<br \/>\n&#8211; Les Montesquieu de La Br\u00e8de<br \/>\n&#8211; Jean-Marie L\u00e9glise de Toulenne<br \/>\n&#8211; Les Sans Sc\u00e8nes Fixes de La Br\u00e8de<br \/>\n&#8211; MLC en Aruan de Beautiran<br \/>\n&#8211; Les Affreux Disent Yak de Can\u00e9jan<br \/>\n&#8211; Les Act\u2019illons de Beautiran<br \/>\n&#8211; Les enfants du P\u00e9risco de St-M\u00e9dard d\u2019Eyrans<br \/>\n&#8211; Sylviane Lartigue de Toulenne<br \/>\n&#8211; La Sauce Th\u00e9\u00e2tre de Saucats<br \/>\n&#8211; Laur\u2019ados de Pompignac<br \/>\n&#8211; Cie Les D\u00e9livreurs de Mots de L\u00e9ognan<br \/>\n&#8211; Les DMasqu\u00e9s de La Br\u00e8de<br \/>\n&#8211; Cie La Joyeuse de La Br\u00e8de<br \/>\n&#8211; Kollectiff SB de La Br\u00e8de<br \/>\n&#8211; Th\u00e9\u00e2tre de l\u2019ASCCG de Saint-Selve<br \/>\n&#8211; Les Crazy Boots de La Br\u00e8de<br \/>\n&#8211; Les Z\u2019Improductibles de L\u00e9ognan<br \/>\n&#8211; L\u2019Harmonie des Graves Junior de Cabanac<br \/>\n&#8211; L\u2019Harmonie des Graves de Montesquieu de Martillac<br \/>\n&#8211; Label Troup&rsquo; de L\u00e9ognan<br \/>\n&#8211; Voix si, Voix la de Saint Selve<br \/>\n&#8211; Le Bazart C\u00e9atif de Saint Selve<br \/>\n&#8211; ACTE de Beautiran<br \/>\n&#8211; Hand to Hand de M\u00e9rignac<br \/>\n&#8211; Th\u00e9\u00e2tre du Quai \u00e0 D\u00e9cors de L\u00e9ognan<br \/>\n&#8211; La Compagnie de Thalie de Toulenne<br \/>\n&#8211; Carabistouille de Can\u00e9jan<br \/>\n&#8211; Th\u00e9 en Vrac de Cadaujac<br \/>\n&#8211; L\u2019Association Nougatine de L\u00e9ognan<br \/>\n&#8211; Augustine Picard<br \/>\n&#8211; Voisins de Piano<br \/>\n&#8211; Mathieu Moustache<\/p>\n<p><span style=\"color: #003300;\"><strong><!--nextpage--><\/strong><\/span><\/p>\n<p><span style=\"color: #008000;\"><strong>Les 15 ans des Sc\u00e8nes Buissonni\u00e8res, les 5 et 7 juillet 2013 \u00e0 Saint-M\u00e9dard d\u2019Eyrans<\/strong><\/span><br \/>\nPour cette 15\u00e8me \u00e9dition, les Sc\u00e8nes se sont install\u00e9es \u00e0 Saint-M\u00e9dard d\u2019Eyrans, 8\u00e8me commune de la CdC de Montesquieu \u00e0 les accueillir. Ici, il faut compter avec la voie ferr\u00e9e qui traverse le bourg et une rue qu\u2019il n\u2019est pas possible de barrer. Nos troupes, qui en avaient \u00e9t\u00e9 averties, ont su tirer avantage de ces contraintes en int\u00e9grant les passages des trains dans leurs spectacles. Les vrombissements intempestifs de quelques scooters ont \u00e9t\u00e9 un peu plus difficiles \u00e0 g\u00e9rer\u2026 Les sites organis\u00e9s en 4 espaces ont permis d\u2019accueillir une trentaine de troupes (440 artistes) pour assurer une cinquantaine de repr\u00e9sentations de th\u00e9\u00e2tre, musique, danse, chant, improvisation, contes,\u2026 devant quelque 3 000 spectateurs. Le temps vraiment estival de ce premier week-end de juillet, apr\u00e8s des mois de mai et juin particuli\u00e8rement pluvieux, a sans doute contribu\u00e9 \u00e0 cette affluence, mais il a aussi favoris\u00e9 l\u2019\u00e9closion des moustiques qui ont anim\u00e9 nos soir\u00e9es ! 50 b\u00e9n\u00e9voles de l\u2019association des Sc\u00e8nes Buissonni\u00e8res, rep\u00e9rables \u00e0 leurs T-shirts verts, guidaient le public vers les lieux de spectacle, l\u2019accueillaient sur les diff\u00e9rents espaces et veillaient au bon d\u00e9roulement des repr\u00e9sentations. La municipalit\u00e9 de Saint-M\u00e9dard d\u2019Eyrans avait mobilis\u00e9 pour sa part ses services techniques et quelque 120 b\u00e9n\u00e9voles v\u00eatus de T-shirts bordeaux pour assurer la logistique (am\u00e9nagement des espaces de stationnement, d\u2019accueil des troupes et du public, restauration,\u2026) ainsi que la s\u00e9curit\u00e9. 500 repas ont ainsi pu \u00eatre servis sur 2 soir\u00e9es. Vendredi soir, la compagnie \u00ab\u00a0Les Affreux Disent Yak\u00a0\u00bb a assur\u00e9 la premi\u00e8re carte blanche du festival avec \u00ab\u00a0D&rsquo;Artawood\u00a0\u00bb! Samedi soir, apr\u00e8s l\u2019ap\u00e9ritif offert par la Municipalit\u00e9, le repas a \u00e9t\u00e9 joyeusement anim\u00e9 par la Band\u2019a L\u00e9o. La soir\u00e9e s\u2019est termin\u00e9e avec l\u2019extravagant Martin Touseul et son \u00ab Elektronik J\u00e2ze \u00bb. L\u2019after du dimanche matin a permis aux troupes, aux b\u00e9n\u00e9voles et aux organisateurs de tirer un bilan \u00ab \u00e0 chaud \u00bb de ce festival pour mieux pr\u00e9parer l\u2019\u00e9dition de 2014 qui se d\u00e9roulera \u00e0 nouveau \u00e0 Saint M\u00e9dard. Pour cl\u00f4turer ce festival 2013, la Compagnie l\u2019Arbre \u00e0 Vache a pr\u00e9sent\u00e9 \u00ab BOB, Transports en tout genre \u00bb, un spectacle sans parole alliant th\u00e9\u00e2tre et magie, oscillant entre dr\u00f4lerie, po\u00e9sie et humour noir.<br \/>\nConsultez la <a href=\"https:\/\/vimeo.com\/98957123\">vid\u00e9o<\/a>, compte rendu en images de l&rsquo;\u00e9dition 2013<\/p>\n<p><strong>Ont Particip\u00e9 : <\/strong><br \/>\n&#8211; L\u2019Association Nougatine de L\u00e9ognan<br \/>\n&#8211; Les Montesquieu de La Br\u00e8de<br \/>\n&#8211; ACTE de Beautiran<br \/>\n&#8211; Voix si, Voix la de Saint Selve<br \/>\n&#8211; Les Tchatcheurs de Saint Selve<br \/>\n&#8211; La Compagnie de La Laurence de Pompignac<br \/>\n&#8211; Les Gravissimes de Gradignan<br \/>\n&#8211; Label Troup&rsquo; de L\u00e9ognan<br \/>\n&#8211; Les Sans Sc\u00e8nes Fixes de La Br\u00e8de<br \/>\n&#8211; Toler\u2019Danse de Beautiran<br \/>\n&#8211; Les Affreux Disent Yak de Can\u00e9jan<br \/>\n&#8211; Hand to Hand de M\u00e9rignac<br \/>\n&#8211; L\u2019Harmonie des Graves de Montesquieu de Martillac<br \/>\n&#8211; Les enfants du P\u00e9risco de St-M\u00e9dard d\u2019Eyrans<br \/>\n&#8211; La Tourmaline de La Br\u00e8de<br \/>\n&#8211; Chorale De si De la de L\u00e9ognan<br \/>\n&#8211; GALA de Martillac<br \/>\n&#8211; Th\u00e9 en Vrac de Cadaujac<br \/>\n&#8211; Trois P\u2019tits Points de St-M\u00e9dard d\u2019Eyrans<br \/>\n&#8211; Les DMasqu\u00e9s de La Br\u00e8de<br \/>\n&#8211; La Sauce Th\u00e9\u00e2tre de Saucats<br \/>\n&#8211; Les Lames de Montesquieu de La Br\u00e8de<br \/>\n&#8211; Le Th\u00e9\u00e2tre Masqu\u00e9 de La Br\u00e8de<br \/>\n&#8211; Vice Versa de St-M\u00e9dard d\u2019Eyrans<br \/>\n&#8211; Yuh Can Wine de Bordeaux<br \/>\n&#8211; La Band\u2019a L\u00e9o de L\u00e9ognan<br \/>\n&#8211; Les Z\u2019Improductibles de L\u00e9ognan<br \/>\n&#8211; Les Crazy Boots de La Br\u00e8de<br \/>\n&#8211; Th\u00e9\u00e2tre du Quai \u00e0 D\u00e9cors de L\u00e9ognan<br \/>\n&#8211; Martin Touseul<br \/>\n&#8211; L\u2019Arbre \u00e0 Vache<\/p>\n<p><span style=\"color: #003300;\"><strong><!--nextpage--><\/strong><\/span><\/p>\n<p><span style=\"color: #008000;\"><strong>13\u00e8me \u00e9dition : les 2 et 3 juillet 2011 \u00e0 Saint-Selve<\/strong><\/span><br \/>\n<span style=\"color: #003300;\"><strong>Les Sc\u00e8nes Buissonni\u00e8res ont bien pouss\u00e9 !<\/strong><\/span><br \/>\nIl est bien loin le temps o\u00f9 le festival des Sc\u00e8nes Buissonni\u00e8res ne durait qu\u2019un seul jour ! Pour cette 13\u00e8me \u00e9dition, que de nouveaut\u00e9s ! La commune d\u2019accueil d\u2019abord !&#8230; Saucats est la 7\u00e8me commune de la CdC de Montesquieu \u00e0 accueillir cet \u00e9v\u00e8nement culturel. Pour cette premi\u00e8re ann\u00e9e, la commune a mis les petits plats dans les grands. Pensez-donc : 120 b\u00e9n\u00e9voles ont particip\u00e9 \u00e0 l\u2019intendance et \u00e0 la s\u00e9curit\u00e9. Du c\u00f4t\u00e9 de l\u2019association des Sc\u00e8nes Buissonni\u00e8res, apr\u00e8s une longue ann\u00e9e de pr\u00e9paration, ils \u00e9taient 50 petits hommes verts \u00e0 encadrer 38 compagnies (un record !) qui se sont produites durant ce week-end. Leur pr\u00e9sence sur les lieux de sc\u00e8ne a permis au public de pouvoir \u00e9tablir leur cheminement sans encombre et de voir un maximum de spectacles <span style=\"color: #0000ff;\">durant ces 3 jours<\/span>. Oui, 3 jours ! Car <span style=\"color: #0000ff;\">une autre des nouveaut\u00e9s de cette \u00e9dition a \u00e9t\u00e9 ce dimanche ouvert au public<\/span>. Tous ont pu appr\u00e9cier la qualit\u00e9 des propositions artistiques et leur diversit\u00e9. Le spectacle \u00ab Ay-Roop ! \u00bb de la Smart Cie, sortie de cr\u00e9ation apr\u00e8s une r\u00e9sidence d\u2019un mois sur le territoire, spectacle labellis\u00e9 Sc\u00e8nes d\u2019\u00e9t\u00e9 comme \u00ab L\u2019\u00e9picerie Zakouvitch \u00bb de la Cie Imagine, ont \u00e9galement enchant\u00e9 un public tr\u00e8s nombreux. Au total, 3000 personnes sont venues respirer ce petit air de libert\u00e9 artistique que l\u2019on aime \u00e0 retrouver tous les ans aux Sc\u00e8nes Buissonni\u00e8res.<br \/>\nEt pour en savoir plus, rendez-vous sur la rubrique <a href=\"http:\/\/scenesbuissonnieres.com\/diaporama2011\/diaporama.html\">diaporama<\/a> pour y d\u00e9couvrir toutes les photos de l\u2019\u00e9dition 2011.<br \/>\nConsultez \u00e9galement la <a href=\"http:\/\/vimeo.com\/35169234\">vid\u00e9o<\/a> compte rendu de l&rsquo;\u00e9dition 2011<\/p>\n<p><strong>Ont Particip\u00e9 : <\/strong><br \/>\n&#8211; La Compagnie de La Laurence de Pompignac<br \/>\n&#8211; Les Affreux Disent Yak de Can\u00e9jan<br \/>\n&#8211; Les Lames de Montesquie de La Br\u00e8de<br \/>\n&#8211; La Tourmaline de La Br\u00e8de<br \/>\n&#8211; Les Crazy Boots de La Br\u00e8de<br \/>\n&#8211; Cithar\u00e8de de Saucats<br \/>\n&#8211; Les Bopi&rsquo;s de Saucats<br \/>\n&#8211; Les Styles aux Billes de Saucats<br \/>\n&#8211; La Compagnie Peut mieux faire de Preignac<br \/>\n&#8211; Les Conteurs \u00e0 Z\u00e9ro de Preignac<br \/>\n&#8211; Les Ados de Nougatine de L\u00e9ognan<br \/>\n&#8211; Label Troup&rsquo; de L\u00e9ognan<br \/>\n&#8211; Th\u00e9\u00e2tre du Quai \u00e0 D\u00e9cors de L\u00e9ognan<br \/>\n&#8211; GALA de Martillac<br \/>\n&#8211; Vice Versa de Saint-M\u00e9dard d\u2019Eyrans<br \/>\n&#8211; L\u2019Harmonie des Graves de Montesquieu de Martillac<br \/>\n&#8211; Le Th\u00e9\u00e2tre Masqu\u00e9 de La Br\u00e8de<br \/>\n&#8211; Les D\u00e9masqu\u00e9s de La Br\u00e8de<br \/>\n&#8211; Les Sans Sc\u00e8nes Fixes de La Br\u00e8de<br \/>\n&#8211; La Compagnie La Joyeuse de La Br\u00e8de<br \/>\n&#8211; Les Tchatcheurs de Saint Selve<br \/>\n&#8211; ACTE de Beautiran<br \/>\n&#8211; Socadanse de Saucats<br \/>\n&#8211; Les Montesquieu de La Br\u00e8de<br \/>\n&#8211; Les Gravissimes de Gradignan<br \/>\n&#8211; La Smart Compagnie de Bordeaux<br \/>\n&#8211; Compagnie Imagine de Bordeaux<\/p>\n<p><strong><span style=\"color: #003300;\"><!--nextpage--><\/span><\/strong><\/p>\n<p><span style=\"color: #008000;\"><strong>12\u00e8me \u00e9dition : les 2 et 3 juillet 2010 \u00e0 Saint-Selve<\/strong><\/span><br \/>\nLes 2 et 3 juillet 2010, \u00e0 Saint-Selve, se sont d\u00e9roul\u00e9 les 12\u00e8mes Sc\u00e8nes Buissonni\u00e8res. Autour du Th\u00e9\u00e2tre Masqu\u00e9, de La Tourmaline, des Crazy Boots et des M\u00e9nest\u2019Ruelles, groupes br\u00e9dois, les Tchatcheurs saint-selvais, Label Troup\u2019 et le Th\u00e9\u00e2tre du Quai \u00e0 D\u00e9cors troupes l\u00e9ognanaises et les spectacles de Lous Esquiraous de Saucats, des Mille Sources de Martillac et de Nougatine de L\u00e9ognan cr\u00e9\u00e9s au festival Cr\u00e9am\u00f4mes en mai dernier, vous avez retrouver\u00e9 de nombreuses compagnies de Pompignac, Gradignan, M\u00e9rignac, Can\u00e9jan &#8230;. Th\u00e9\u00e2tre, musique, chant choral, contes, spectacles de rue, expositions\u2026 le cocktail artistique des Sc\u00e8nes Buissonni\u00e8res a \u00e9t\u00e9 frais et \u00e9pic\u00e9. Le vendredi soir, les organisateurs ont convi\u00e9 le public \u00e0 un spectacle clandestin de Pascal Lamige \u00ab Rave-Musette \u00bb et le samedi soir, le festival a \u00e9t\u00e9 cl\u00f4tur\u00e9 par la compagnie Bougrelas et son spectacle \u00ab Les Fillharmonic von strabe \u00bb. Rajoutons la compagnie Tokia avec \u00ab Les Fr\u00e8res Grooms \u00bb, la conteuse St\u00e9phanie Lafitte, la derni\u00e8re exposition du sculpteur Barbette,\u2026. et\u2026 et\u2026.<br \/>\nEt pour en savoir plus, rendez-vous sur la rubrique <a href=\"http:\/\/scenesbuissonnieres.com\/diaporama2010\/diaporama.html\">diaporama<\/a> pour y d\u00e9couvrir toutes les photos de l\u2019\u00e9dition 2010.<br \/>\nConsultez \u00e9galement la <a href=\"http:\/\/www.youtube.com\/watch?v=4hUgPhckLD4\">vid\u00e9o<\/a> compte rendu de l&rsquo;\u00e9dition 2010<\/p>\n<p><strong>Ont Particip\u00e9 : <\/strong><br \/>\n&#8211; Les Tchatcheurs Saint-Selvais<br \/>\n&#8211; Barbette de Saint-Selve<br \/>\n&#8211; La Tourmaline de La Br\u00e8de<br \/>\n&#8211; Les Crazy Boots de La Br\u00e8de<br \/>\n&#8211; Sans Sc\u00e8nes Fixes, collectif dissident du Th\u00e9\u00e2tre Masqu\u00e9 de La Br\u00e8de<br \/>\n&#8211; Les Affreux Disent Yak de Can\u00e9jan<br \/>\n&#8211; Compagnie la Laurence de Pompignac<br \/>\n&#8211; De si De la de L\u00e9ognan<br \/>\n&#8211; Les Lous Esquiraous de Saucats<br \/>\n&#8211; Les Mille Sources de Martillac<br \/>\n&#8211; Tokia Th\u00e9\u00e2tre de Maul\u00e9on<br \/>\n&#8211; Compagnie Lamige en sc\u00e8ne d\u2019Ambares et Lagrave<br \/>\n&#8211; Vice\/Versa de Saint Medart d\u2019Eyrans<br \/>\n&#8211; Nougatine atelier Ados de L\u00e9ognan (Cr\u00e9am\u00f4me)<br \/>\n&#8211; La compagnie Bougrelas de Bordeaux<br \/>\n&#8211; Label Troup\u2019 de L\u00e9ognan<br \/>\n&#8211; Le Th\u00e9\u00e2tre du Quai \u00e0 D\u00e9cors de L\u00e9ognan<br \/>\n&#8211; Le th\u00e9\u00e2tre de Z\u00e9lie de M\u00e9rignac<br \/>\n&#8211; GALA de Martillac<br \/>\n&#8211; Les Gravissimes de Gradignan<br \/>\n&#8211; La Br\u00e8de Escrime et Les Lames de Montesquieu de La Br\u00e8de<br \/>\n&#8211; Caliconte de Pessac<br \/>\n&#8211; Les T\u00eates \u00e0 Clac de Cadaujac<br \/>\n&#8211; Les Menest&rsquo;Ruelles<\/p>\n<p><span style=\"color: #003300;\"><strong><!--nextpage--><\/strong><\/span><\/p>\n<p><span style=\"color: #008000;\"><strong>11\u00e8me \u00e9dition : les 3 et 4 juillet 2009 \u00e0 Saint-Selve<\/strong><\/span><br \/>\n<strong>Ont Particip\u00e9 : <\/strong><br \/>\n&#8211; L\u2019ASCCG de Saint-Selve<br \/>\n&#8211; L\u2019Alambic \u00e0 jeu de Mots de Cabanac et Villagrains<br \/>\n&#8211; Compagnie Tatjana Schuster<br \/>\n&#8211; Tout\u2019A\u2019Trac d\u2019Isle Saint Georges<br \/>\n&#8211; GALA de Martillac<br \/>\n&#8211; Nougatine atelier Ados de L\u00e9ognan<br \/>\n&#8211; Sans Sc\u00e8ne fixe, collectif dissident du Th\u00e9\u00e2tre Masqu\u00e9 de La Br\u00e8de<br \/>\n&#8211; Le Th\u00e9\u00e2tre du Quai \u00e0 D\u00e9cors de L\u00e9ognan<br \/>\n&#8211; Calc Th\u00e9\u00e2tre de Cadaujac<br \/>\n&#8211; Association Rumeur d\u2019Envie de Saint Michel de Rieufret<br \/>\n&#8211; Les Menest\u2019Ruelles de La Br\u00e8de<br \/>\n&#8211; Regards de 2 mains de La Br\u00e8de<br \/>\n&#8211; Barbette de Saint-Selve<br \/>\n&#8211; la MJC Tourmaline de La Br\u00e8de<br \/>\n&#8211; Mouton de Vapeur d\u2019Ambares<br \/>\n&#8211; Histord\u2019arm de La Br\u00e8de<br \/>\n&#8211; Compagnie la Laurence de Pompignac<br \/>\n&#8211; Hip Hop Ayguemortais<br \/>\n&#8211; Le Th\u00e9\u00e2tre Masqu\u00e9 de La Br\u00e8de<br \/>\n&#8211; Les Festes Baroques de La Br\u00e8de<br \/>\n&#8211; Les Affreux Disent Yak de Can\u00e9jan<br \/>\n&#8211; Vice\/Versa de Saint-M\u00e9dard d\u2019Eyrans<br \/>\n&#8211; Label Troup\u2019 de L\u00e9ognan<br \/>\n&#8211; La compagnie la Joyeuse de La Br\u00e8de<br \/>\n&#8211; Le Th\u00e9\u00e2tre de l\u2019Escale de Gradignan<br \/>\n&#8211; La Br\u00e8de Escrime<br \/>\n&#8211; Les Rythmopathes de P\u00e9rigueux<br \/>\n&#8211; Association SIGM<\/p>\n<p><span style=\"color: #003300;\"><strong><!--nextpage--><\/strong><\/span><\/p>\n<p><span style=\"color: #008000;\"><strong>9\u00e8me \u00e9dition : les 29 et 30 juin 2007 \u00e0 Martillac<\/strong><\/span><br \/>\n<strong>Ont particip\u00e9 : <\/strong><br \/>\n&#8211; Les Affreux Disent Yak de Can\u00e9jan<br \/>\n&#8211; la MJC Tourmaline de La Br\u00e8de<br \/>\n&#8211; Les Fils du Poissonnier de Toulouse<br \/>\n&#8211; Th\u00e9\u00e2tre de l\u2019Escale de Gradignan<br \/>\n&#8211; La Br\u00e8de Escrime<br \/>\n&#8211; La compagnie la Joyeuse de La Br\u00e8de<br \/>\n&#8211; De l\u2019Ombre \u00e0 la Lumi\u00e8re de Pessac<br \/>\n&#8211; Couineteto Tango de Saucats<br \/>\n&#8211; Oxy\u2019jeunes de La Br\u00e8de<br \/>\n&#8211; L\u2019ASCCG de Saint-Selve<br \/>\n&#8211; Sans Sc\u00e8ne fixe, collectif dissident du Th\u00e9\u00e2tre Masqu\u00e9 de La Br\u00e8de<br \/>\n&#8211; Denis Gaugain de Cabanac et Villagrains<br \/>\n&#8211; Les Ptits Bouts du CLSH de Martillac<br \/>\n&#8211; Amicale Sport et Loisir de Martillac<br \/>\n&#8211; La Petite Troupe du Miroir Magique AJM de Cabanac et Villagrains<br \/>\n&#8211; Art Hache Sc\u00e8ne de Bordeaux<br \/>\n&#8211; Tout\u2019A\u2019Trac d\u2019Isle Saint Georges<br \/>\n&#8211; GALA de Martillac<br \/>\n&#8211; Label Troup\u2019 de L\u00e9ognan<br \/>\n&#8211; Accent Graves de L\u00e9ognan<br \/>\n&#8211; Le Th\u00e9\u00e2tre Masqu\u00e9 de La Br\u00e8de<br \/>\n&#8211; Nougatine atelier Ados de L\u00e9ognan<br \/>\n&#8211; Calc Th\u00e9\u00e2tre de Cadaujac<br \/>\n&#8211; Le Th\u00e9\u00e2tre du Quai \u00e0 D\u00e9cors de L\u00e9ognan<br \/>\n&#8211; FMR de Floirac<\/p>\n<p><span style=\"color: #003300;\"><strong><!--nextpage--><\/strong><\/span><\/p>\n<p><span style=\"color: #008000;\"><strong>8\u00e8me \u00e9dition : le 30 juin et le 1er juillet 2006 \u00e0 Saint-Morillon<\/strong><\/span><br \/>\n<strong>Ont particip\u00e9 :<\/strong><br \/>\n&#8211; la MJC Tourmaline de La Br\u00e8de<br \/>\n&#8211; La Br\u00e8de Escrime<br \/>\n&#8211; L\u2019atelier des Ados de Nougatine de L\u00e9ognan<br \/>\n&#8211; Arsenic de Cestas<br \/>\n&#8211; Modern Jazz MJC de l\u2019Aruan \u00e0 Beautiran<br \/>\n&#8211; La compagnie la Joyeuse de La Br\u00e8de<br \/>\n&#8211; Label Troup\u2019 de L\u00e9ognan<br \/>\n&#8211; Th\u00e9\u00e2tre Masqu\u00e9 de La Br\u00e8de<br \/>\n&#8211; L\u2019ASCCG de Saint-Selve<br \/>\n&#8211; Le Th\u00e9\u00e2tre en Vrac de Carbon Blanc<br \/>\n&#8211; L\u2019atelier de Th\u00e9\u00e2tre la Grapouille de Saint-Morillon<br \/>\n&#8211; Les Affreux Disent Yak de Can\u00e9jan<br \/>\n&#8211; BIZ de C\u00e9rons<br \/>\n&#8211; Danse club de Saint Morillon<br \/>\n&#8211; Le Th\u00e9\u00e2tre du Quai \u00e0 D\u00e9cors de L\u00e9ognan<br \/>\n&#8211; Tout\u2019A\u2019Trac d\u2019Isle Saint Georges<br \/>\n&#8211; J\u00e9r\u00f4me Martin<br \/>\n&#8211; Famille Rurales Danses S\u00e9villanes de Saint M\u00e9dard d\u2019Eyrans<\/p>\n<p><span style=\"color: #003300;\"><strong><!--nextpage--><\/strong><\/span><\/p>\n<p><span style=\"color: #008000;\"><strong>7\u00e8me \u00e9dition : les 1er et 2 juillet 2005 \u00e0 Saint Morillon<\/strong><\/span><br \/>\n<strong>Ont particip\u00e9 :<\/strong><br \/>\n&#8211; La MJC Tourmaline de La Br\u00e8de<br \/>\n&#8211; Atelier Ados de Nougatine de L\u00e9ognan<br \/>\n&#8211; La Compagnie La Joyeuse de La Br\u00e8de<br \/>\n&#8211; Tr\u00e9molo Tr\u00e8s Mollo de Saucats<br \/>\n&#8211; Le Th\u00e9\u00e2tre Masqu\u00e9 de La Br\u00e8de<br \/>\n&#8211; Le Th\u00e9\u00e2tre du Quai \u00e0 D\u00e9cors de L\u00e9ognan<br \/>\n&#8211; Denis Gaugain de Cabanac et Villagrains<br \/>\n&#8211; L\u2019atelier Impro de la Maison des Jeunes et des Citoyens de l\u2019Aruan de Beautiran<br \/>\n&#8211; Label Troup\u2019 de L\u00e9ognan<br \/>\n&#8211; L\u2019ASCCG de Saint-Selve<br \/>\n&#8211; FMR TER, production du Th\u00e9\u00e2tre des Tafurs de Floirac<br \/>\n&#8211; Atelier guitare de La Grapouille de Saint-Morillon<br \/>\n&#8211; ATA d\u2019Ayguemorte les Graves<br \/>\n&#8211; Atelier Th\u00e9atre de la Grapouille de Saint-Morillon<br \/>\n&#8211; Tout\u2019A\u2019Trac d\u2019Isle Saint Georges<br \/>\n&#8211; Onzapelpa de Cabanac et Villagrains<\/p>\n<p><strong><span style=\"color: #003300;\"><!--nextpage--><\/span><\/strong><\/p>\n<p><span style=\"color: #008000;\"><strong>6\u00e8me \u00e9dition : le 3 juillet 2004 \u00e0 l\u2019Isle Saint George<\/strong><\/span><br \/>\n<strong>Ont particip\u00e9 : <\/strong><br \/>\n&#8211; ATA d\u2019Ayguemorte les Graves<br \/>\n&#8211; L\u2019atelier des adolescents de Nougatine de l\u00e9ognan<br \/>\n&#8211; La MJC la Tourmaline de La Br\u00e8de<br \/>\n&#8211; L\u2019atelier Impro de la Maison des Jeunes et des Citoyens de l\u2019Aruan de Beautiran<br \/>\n&#8211; Les enfants de la Compagnie \u00ab La Joyeuse \u00bb de La Br\u00e8de<br \/>\n&#8211; FMR 2004, production Taupes Secr\u00e8tes Artistes Associ\u00e9s de Floirac<br \/>\n&#8211; Le Petit Orchestre de Bigardoy de Preignac<br \/>\n&#8211; Les Ados de la Compagnie \u00ab La Joyeuse \u00bb de La Br\u00e8de<br \/>\n&#8211; Le Th\u00e9\u00e2tre Masqu\u00e9 de la Br\u00e8de<br \/>\n&#8211; Label Troup\u2019 de L\u00e9ognan<br \/>\n&#8211; La Bouche B de Salleboeuf<br \/>\n&#8211; Le Th\u00e9\u00e2tre du Quai \u00e0 D\u00e9cors de L\u00e9ognan<br \/>\n&#8211; Denis Gaugain de Cabanac et Villagrains<\/p>\n<p><span style=\"color: #003300;\"><strong><!--nextpage--><\/strong><\/span><\/p>\n<p><span style=\"color: #008000;\"><strong>5\u00e8me \u00e9dition : le 5 juillet 2003 \u00e0 l\u2019Isle Saint-Georges<\/strong><\/span><br \/>\n<strong>Ont particip\u00e9 :<\/strong><br \/>\n&#8211; Espace 3 de Talence<br \/>\n&#8211; Le Th\u00e9\u00e2tre du Quai \u00e0 D\u00e9cors de L\u00e9ognan<br \/>\n&#8211; Eph\u00e9m\u00e8re, production Taupes Secr\u00e8tes Artistes Associ\u00e9s de Floirac<br \/>\n&#8211; Le petit Orchestre de Bigardoy de Preignac<br \/>\n&#8211; Label Troup\u2019 de L\u00e9ognan<br \/>\n&#8211; Le Sakura Dojo de La Br\u00e8de<br \/>\n&#8211; L\u2019atelier des Ados de Nougatine de L\u00e9ognan<br \/>\n&#8211; L\u2019atelier th\u00e9\u00e2tre de la MJC la Tourmaline de La Br\u00e8de<br \/>\n&#8211; M\u00e9locoton<\/p>\n<p><strong><span style=\"color: #003300;\"><!--nextpage--><\/span><\/strong><\/p>\n<p><span style=\"color: #008000;\"><strong>4\u00e8me \u00e9dition : le 6 juillet 2002 \u00e0 La Br\u00e8de<\/strong><\/span><br \/>\n<strong>Ont particip\u00e9 : <\/strong><br \/>\n&#8211; la banda des jeunes de Musica La Br\u00e8de<br \/>\n&#8211; les Ados de Nougatine de L\u00e9ognan<br \/>\n&#8211; Atelier th\u00e9\u00e2tre du coll\u00e8ge Montesquieu de La Br\u00e8de<br \/>\n&#8211; Les enfants de la MJC la Tourmaline de La Br\u00e8de<br \/>\n&#8211; Le Th\u00e9\u00e2tre du Quai \u00e0 D\u00e9cors de L\u00e9ognan<br \/>\n&#8211; Le Th\u00e9\u00e2tre Masqu\u00e9 de La Br\u00e8de<br \/>\n&#8211; L\u2019association MICS de Bordeaux et Martillac<br \/>\n&#8211; Label Troup\u2019 de L\u00e9ognan<br \/>\n&#8211; Les Loko\u2019S\u2019motif<\/p>\n","protected":false},"excerpt":{"rendered":"<p>2018 : 20\u00e8me \u00e9dition Castres-Gironde Il \u00e9tait une fois \u2026 nos 20 ans\u00a0! \u00c7a y est, on les a f\u00eat\u00e9s nos 20 ans\u00a0! C\u2019est \u00e0 Castres-Gironde o\u00f9 le Festival des Sc\u00e8nes Buissonni\u00e8res s\u2019est install\u00e9 pour la 2\u00e8me ann\u00e9e en ce &hellip;<\/p>\n<p class=\"read-more\"> <a class=\"more-link\" href=\"https:\/\/www.scenesbuissonnieres.com\/scenesB\/festival\/les-editions\/\"> <span class=\"screen-reader-text\">Les \u00e9ditions<\/span> Read More &raquo;<\/a><\/p>\n","protected":false},"author":1,"featured_media":0,"parent":7,"menu_order":0,"comment_status":"closed","ping_status":"closed","template":"full-width-page.php","meta":[],"yoast_head":"<!-- This site is optimized with the Yoast SEO plugin v21.8.1 - https:\/\/yoast.com\/wordpress\/plugins\/seo\/ -->\n<title>Les \u00e9ditions - Sc\u00e8nes Buissonni\u00e8res<\/title>\n<meta name=\"robots\" content=\"index, follow, max-snippet:-1, max-image-preview:large, max-video-preview:-1\" \/>\n<link rel=\"canonical\" href=\"https:\/\/www.scenesbuissonnieres.com\/scenesB\/festival\/les-editions\/\" \/>\n<meta property=\"og:locale\" content=\"fr_FR\" \/>\n<meta property=\"og:type\" content=\"article\" \/>\n<meta property=\"og:title\" content=\"Les \u00e9ditions - Sc\u00e8nes Buissonni\u00e8res\" \/>\n<meta property=\"og:description\" content=\"2018 : 20\u00e8me \u00e9dition Castres-Gironde Il \u00e9tait une fois \u2026 nos 20 ans\u00a0! \u00c7a y est, on les a f\u00eat\u00e9s nos 20 ans\u00a0! C\u2019est \u00e0 Castres-Gironde o\u00f9 le Festival des Sc\u00e8nes Buissonni\u00e8res s\u2019est install\u00e9 pour la 2\u00e8me ann\u00e9e en ce &hellip; Les \u00e9ditions Read More &raquo;\" \/>\n<meta property=\"og:url\" content=\"https:\/\/www.scenesbuissonnieres.com\/scenesB\/festival\/les-editions\/\" \/>\n<meta property=\"og:site_name\" content=\"Sc\u00e8nes Buissonni\u00e8res\" \/>\n<meta property=\"article:modified_time\" content=\"2023-04-06T19:42:02+00:00\" \/>\n<meta name=\"twitter:card\" content=\"summary_large_image\" \/>\n<meta name=\"twitter:label1\" content=\"Dur\u00e9e de lecture estim\u00e9e\" \/>\n\t<meta name=\"twitter:data1\" content=\"25 minutes\" \/>\n<script type=\"application\/ld+json\" class=\"yoast-schema-graph\">{\"@context\":\"https:\/\/schema.org\",\"@graph\":[{\"@type\":\"WebPage\",\"@id\":\"https:\/\/www.scenesbuissonnieres.com\/scenesB\/festival\/les-editions\/\",\"url\":\"https:\/\/www.scenesbuissonnieres.com\/scenesB\/festival\/les-editions\/\",\"name\":\"Les \u00e9ditions - Sc\u00e8nes Buissonni\u00e8res\",\"isPartOf\":{\"@id\":\"https:\/\/www.scenesbuissonnieres.com\/scenesB\/#website\"},\"datePublished\":\"2018-08-16T15:29:44+00:00\",\"dateModified\":\"2023-04-06T19:42:02+00:00\",\"breadcrumb\":{\"@id\":\"https:\/\/www.scenesbuissonnieres.com\/scenesB\/festival\/les-editions\/#breadcrumb\"},\"inLanguage\":\"fr-FR\",\"potentialAction\":[{\"@type\":\"ReadAction\",\"target\":[\"https:\/\/www.scenesbuissonnieres.com\/scenesB\/festival\/les-editions\/\"]}]},{\"@type\":\"BreadcrumbList\",\"@id\":\"https:\/\/www.scenesbuissonnieres.com\/scenesB\/festival\/les-editions\/#breadcrumb\",\"itemListElement\":[{\"@type\":\"ListItem\",\"position\":1,\"name\":\"Accueil\",\"item\":\"https:\/\/www.scenesbuissonnieres.com\/scenesB\/\"},{\"@type\":\"ListItem\",\"position\":2,\"name\":\"Festival\",\"item\":\"https:\/\/www.scenesbuissonnieres.com\/scenesB\/festival\/\"},{\"@type\":\"ListItem\",\"position\":3,\"name\":\"Les \u00e9ditions\"}]},{\"@type\":\"WebSite\",\"@id\":\"https:\/\/www.scenesbuissonnieres.com\/scenesB\/#website\",\"url\":\"https:\/\/www.scenesbuissonnieres.com\/scenesB\/\",\"name\":\"Sc\u00e8nes Buissonni\u00e8res\",\"description\":\"Le Festival de Th\u00e9\u00e2tre\",\"publisher\":{\"@id\":\"https:\/\/www.scenesbuissonnieres.com\/scenesB\/#organization\"},\"potentialAction\":[{\"@type\":\"SearchAction\",\"target\":{\"@type\":\"EntryPoint\",\"urlTemplate\":\"https:\/\/www.scenesbuissonnieres.com\/scenesB\/?s={search_term_string}\"},\"query-input\":\"required name=search_term_string\"}],\"inLanguage\":\"fr-FR\"},{\"@type\":\"Organization\",\"@id\":\"https:\/\/www.scenesbuissonnieres.com\/scenesB\/#organization\",\"name\":\"Sc\u00e8nes Buissonni\u00e8res\",\"url\":\"https:\/\/www.scenesbuissonnieres.com\/scenesB\/\",\"logo\":{\"@type\":\"ImageObject\",\"inLanguage\":\"fr-FR\",\"@id\":\"https:\/\/www.scenesbuissonnieres.com\/scenesB\/#\/schema\/logo\/image\/\",\"url\":\"https:\/\/www.scenesbuissonnieres.com\/scenesB\/wp-content\/uploads\/2025\/12\/Bandeau_Site_2026.png\",\"contentUrl\":\"https:\/\/www.scenesbuissonnieres.com\/scenesB\/wp-content\/uploads\/2025\/12\/Bandeau_Site_2026.png\",\"width\":760,\"height\":200,\"caption\":\"Sc\u00e8nes Buissonni\u00e8res\"},\"image\":{\"@id\":\"https:\/\/www.scenesbuissonnieres.com\/scenesB\/#\/schema\/logo\/image\/\"}}]}<\/script>\n<!-- \/ Yoast SEO plugin. -->","yoast_head_json":{"title":"Les \u00e9ditions - Sc\u00e8nes Buissonni\u00e8res","robots":{"index":"index","follow":"follow","max-snippet":"max-snippet:-1","max-image-preview":"max-image-preview:large","max-video-preview":"max-video-preview:-1"},"canonical":"https:\/\/www.scenesbuissonnieres.com\/scenesB\/festival\/les-editions\/","og_locale":"fr_FR","og_type":"article","og_title":"Les \u00e9ditions - Sc\u00e8nes Buissonni\u00e8res","og_description":"2018 : 20\u00e8me \u00e9dition Castres-Gironde Il \u00e9tait une fois \u2026 nos 20 ans\u00a0! \u00c7a y est, on les a f\u00eat\u00e9s nos 20 ans\u00a0! C\u2019est \u00e0 Castres-Gironde o\u00f9 le Festival des Sc\u00e8nes Buissonni\u00e8res s\u2019est install\u00e9 pour la 2\u00e8me ann\u00e9e en ce &hellip; Les \u00e9ditions Read More &raquo;","og_url":"https:\/\/www.scenesbuissonnieres.com\/scenesB\/festival\/les-editions\/","og_site_name":"Sc\u00e8nes Buissonni\u00e8res","article_modified_time":"2023-04-06T19:42:02+00:00","twitter_card":"summary_large_image","twitter_misc":{"Dur\u00e9e de lecture estim\u00e9e":"25 minutes"},"schema":{"@context":"https:\/\/schema.org","@graph":[{"@type":"WebPage","@id":"https:\/\/www.scenesbuissonnieres.com\/scenesB\/festival\/les-editions\/","url":"https:\/\/www.scenesbuissonnieres.com\/scenesB\/festival\/les-editions\/","name":"Les \u00e9ditions - Sc\u00e8nes Buissonni\u00e8res","isPartOf":{"@id":"https:\/\/www.scenesbuissonnieres.com\/scenesB\/#website"},"datePublished":"2018-08-16T15:29:44+00:00","dateModified":"2023-04-06T19:42:02+00:00","breadcrumb":{"@id":"https:\/\/www.scenesbuissonnieres.com\/scenesB\/festival\/les-editions\/#breadcrumb"},"inLanguage":"fr-FR","potentialAction":[{"@type":"ReadAction","target":["https:\/\/www.scenesbuissonnieres.com\/scenesB\/festival\/les-editions\/"]}]},{"@type":"BreadcrumbList","@id":"https:\/\/www.scenesbuissonnieres.com\/scenesB\/festival\/les-editions\/#breadcrumb","itemListElement":[{"@type":"ListItem","position":1,"name":"Accueil","item":"https:\/\/www.scenesbuissonnieres.com\/scenesB\/"},{"@type":"ListItem","position":2,"name":"Festival","item":"https:\/\/www.scenesbuissonnieres.com\/scenesB\/festival\/"},{"@type":"ListItem","position":3,"name":"Les \u00e9ditions"}]},{"@type":"WebSite","@id":"https:\/\/www.scenesbuissonnieres.com\/scenesB\/#website","url":"https:\/\/www.scenesbuissonnieres.com\/scenesB\/","name":"Sc\u00e8nes Buissonni\u00e8res","description":"Le Festival de Th\u00e9\u00e2tre","publisher":{"@id":"https:\/\/www.scenesbuissonnieres.com\/scenesB\/#organization"},"potentialAction":[{"@type":"SearchAction","target":{"@type":"EntryPoint","urlTemplate":"https:\/\/www.scenesbuissonnieres.com\/scenesB\/?s={search_term_string}"},"query-input":"required name=search_term_string"}],"inLanguage":"fr-FR"},{"@type":"Organization","@id":"https:\/\/www.scenesbuissonnieres.com\/scenesB\/#organization","name":"Sc\u00e8nes Buissonni\u00e8res","url":"https:\/\/www.scenesbuissonnieres.com\/scenesB\/","logo":{"@type":"ImageObject","inLanguage":"fr-FR","@id":"https:\/\/www.scenesbuissonnieres.com\/scenesB\/#\/schema\/logo\/image\/","url":"https:\/\/www.scenesbuissonnieres.com\/scenesB\/wp-content\/uploads\/2025\/12\/Bandeau_Site_2026.png","contentUrl":"https:\/\/www.scenesbuissonnieres.com\/scenesB\/wp-content\/uploads\/2025\/12\/Bandeau_Site_2026.png","width":760,"height":200,"caption":"Sc\u00e8nes Buissonni\u00e8res"},"image":{"@id":"https:\/\/www.scenesbuissonnieres.com\/scenesB\/#\/schema\/logo\/image\/"}}]}},"_links":{"self":[{"href":"https:\/\/www.scenesbuissonnieres.com\/scenesB\/wp-json\/wp\/v2\/pages\/41"}],"collection":[{"href":"https:\/\/www.scenesbuissonnieres.com\/scenesB\/wp-json\/wp\/v2\/pages"}],"about":[{"href":"https:\/\/www.scenesbuissonnieres.com\/scenesB\/wp-json\/wp\/v2\/types\/page"}],"author":[{"embeddable":true,"href":"https:\/\/www.scenesbuissonnieres.com\/scenesB\/wp-json\/wp\/v2\/users\/1"}],"replies":[{"embeddable":true,"href":"https:\/\/www.scenesbuissonnieres.com\/scenesB\/wp-json\/wp\/v2\/comments?post=41"}],"version-history":[{"count":6,"href":"https:\/\/www.scenesbuissonnieres.com\/scenesB\/wp-json\/wp\/v2\/pages\/41\/revisions"}],"predecessor-version":[{"id":1150,"href":"https:\/\/www.scenesbuissonnieres.com\/scenesB\/wp-json\/wp\/v2\/pages\/41\/revisions\/1150"}],"up":[{"embeddable":true,"href":"https:\/\/www.scenesbuissonnieres.com\/scenesB\/wp-json\/wp\/v2\/pages\/7"}],"wp:attachment":[{"href":"https:\/\/www.scenesbuissonnieres.com\/scenesB\/wp-json\/wp\/v2\/media?parent=41"}],"curies":[{"name":"wp","href":"https:\/\/api.w.org\/{rel}","templated":true}]}}