{"id":28,"date":"2014-12-04T14:08:57","date_gmt":"2014-12-04T13:08:57","guid":{"rendered":"http:\/\/www.scenesbuissonnieres.com\/scenesB\/?page_id=28"},"modified":"2023-05-14T18:18:49","modified_gmt":"2023-05-14T17:18:49","slug":"genese","status":"publish","type":"page","link":"https:\/\/www.scenesbuissonnieres.com\/scenesB\/lasso\/genese\/","title":{"rendered":"Gen\u00e8se"},"content":{"rendered":"<p><span style=\"color: #008000;\"><strong>&nbsp;<\/strong><\/span><\/p>\n<p>C\u2019est en 1999 que les Sc\u00e8nes Buissonni\u00e8res ont vu le jour \u00e0 l\u2019initiative de l\u2019association Nougatine. L\u2019id\u00e9e \u00e9tait de cr\u00e9er un espace de rencontres et d\u2019\u00e9changes autour des troupes du canton de La Br\u00e8de. Ainsi furent organis\u00e9es les deux premi\u00e8res \u00e9ditions du festival \u00e0 L\u00e9ognan.<\/p>\n<p>Le Th\u00e9\u00e2tre Masqu\u00e9 se chargea des deux \u00e9ditions suivantes organis\u00e9es \u00e0 La Br\u00e8de.<br \/>\nLe festival durait alors une journ\u00e9e enti\u00e8re&nbsp;: le samedi.<\/p>\n<p>Face au succ\u00e8s rencontr\u00e9, les groupes \u00ab historiques \u00bb d\u00e9cident alors de cr\u00e9er une association.<br \/>\nEn Novembre 2001, Sc\u00e8nes Buissonni\u00e8res, association loi 1901, est donc cr\u00e9\u00e9e.<\/p>\n","protected":false},"excerpt":{"rendered":"<p>&nbsp; C\u2019est en 1999 que les Sc\u00e8nes Buissonni\u00e8res ont vu le jour \u00e0 l\u2019initiative de l\u2019association Nougatine. L\u2019id\u00e9e \u00e9tait de cr\u00e9er un espace de rencontres et d\u2019\u00e9changes autour des troupes du canton de La Br\u00e8de. Ainsi furent organis\u00e9es les deux &hellip;<\/p>\n<p class=\"read-more\"> <a class=\"more-link\" href=\"https:\/\/www.scenesbuissonnieres.com\/scenesB\/lasso\/genese\/\"> <span class=\"screen-reader-text\">Gen\u00e8se<\/span> Read More &raquo;<\/a><\/p>\n","protected":false},"author":1,"featured_media":0,"parent":101,"menu_order":0,"comment_status":"closed","ping_status":"closed","template":"full-width-page.php","meta":[],"yoast_head":"<!-- This site is optimized with the Yoast SEO plugin v21.8.1 - https:\/\/yoast.com\/wordpress\/plugins\/seo\/ -->\n<title>Gen\u00e8se - Sc\u00e8nes Buissonni\u00e8res<\/title>\n<meta name=\"robots\" content=\"index, follow, max-snippet:-1, max-image-preview:large, max-video-preview:-1\" \/>\n<link rel=\"canonical\" href=\"https:\/\/www.scenesbuissonnieres.com\/scenesB\/lasso\/genese\/\" \/>\n<meta property=\"og:locale\" content=\"fr_FR\" \/>\n<meta property=\"og:type\" content=\"article\" \/>\n<meta property=\"og:title\" content=\"Gen\u00e8se - Sc\u00e8nes Buissonni\u00e8res\" \/>\n<meta property=\"og:description\" content=\"&nbsp; C\u2019est en 1999 que les Sc\u00e8nes Buissonni\u00e8res ont vu le jour \u00e0 l\u2019initiative de l\u2019association Nougatine. L\u2019id\u00e9e \u00e9tait de cr\u00e9er un espace de rencontres et d\u2019\u00e9changes autour des troupes du canton de La Br\u00e8de. Ainsi furent organis\u00e9es les deux &hellip; Gen\u00e8se Read More &raquo;\" \/>\n<meta property=\"og:url\" content=\"https:\/\/www.scenesbuissonnieres.com\/scenesB\/lasso\/genese\/\" \/>\n<meta property=\"og:site_name\" content=\"Sc\u00e8nes Buissonni\u00e8res\" \/>\n<meta property=\"article:modified_time\" content=\"2023-05-14T17:18:49+00:00\" \/>\n<meta name=\"twitter:card\" content=\"summary_large_image\" \/>\n<meta name=\"twitter:label1\" content=\"Dur\u00e9e de lecture estim\u00e9e\" \/>\n\t<meta name=\"twitter:data1\" content=\"1 minute\" \/>\n<script type=\"application\/ld+json\" class=\"yoast-schema-graph\">{\"@context\":\"https:\/\/schema.org\",\"@graph\":[{\"@type\":\"WebPage\",\"@id\":\"https:\/\/www.scenesbuissonnieres.com\/scenesB\/lasso\/genese\/\",\"url\":\"https:\/\/www.scenesbuissonnieres.com\/scenesB\/lasso\/genese\/\",\"name\":\"Gen\u00e8se - Sc\u00e8nes Buissonni\u00e8res\",\"isPartOf\":{\"@id\":\"https:\/\/www.scenesbuissonnieres.com\/scenesB\/#website\"},\"datePublished\":\"2014-12-04T13:08:57+00:00\",\"dateModified\":\"2023-05-14T17:18:49+00:00\",\"breadcrumb\":{\"@id\":\"https:\/\/www.scenesbuissonnieres.com\/scenesB\/lasso\/genese\/#breadcrumb\"},\"inLanguage\":\"fr-FR\",\"potentialAction\":[{\"@type\":\"ReadAction\",\"target\":[\"https:\/\/www.scenesbuissonnieres.com\/scenesB\/lasso\/genese\/\"]}]},{\"@type\":\"BreadcrumbList\",\"@id\":\"https:\/\/www.scenesbuissonnieres.com\/scenesB\/lasso\/genese\/#breadcrumb\",\"itemListElement\":[{\"@type\":\"ListItem\",\"position\":1,\"name\":\"Accueil\",\"item\":\"https:\/\/www.scenesbuissonnieres.com\/scenesB\/\"},{\"@type\":\"ListItem\",\"position\":2,\"name\":\"L&rsquo;Asso\",\"item\":\"https:\/\/www.scenesbuissonnieres.com\/scenesB\/lasso\/\"},{\"@type\":\"ListItem\",\"position\":3,\"name\":\"Gen\u00e8se\"}]},{\"@type\":\"WebSite\",\"@id\":\"https:\/\/www.scenesbuissonnieres.com\/scenesB\/#website\",\"url\":\"https:\/\/www.scenesbuissonnieres.com\/scenesB\/\",\"name\":\"Sc\u00e8nes Buissonni\u00e8res\",\"description\":\"Le Festival de Th\u00e9\u00e2tre\",\"publisher\":{\"@id\":\"https:\/\/www.scenesbuissonnieres.com\/scenesB\/#organization\"},\"potentialAction\":[{\"@type\":\"SearchAction\",\"target\":{\"@type\":\"EntryPoint\",\"urlTemplate\":\"https:\/\/www.scenesbuissonnieres.com\/scenesB\/?s={search_term_string}\"},\"query-input\":\"required name=search_term_string\"}],\"inLanguage\":\"fr-FR\"},{\"@type\":\"Organization\",\"@id\":\"https:\/\/www.scenesbuissonnieres.com\/scenesB\/#organization\",\"name\":\"Sc\u00e8nes Buissonni\u00e8res\",\"url\":\"https:\/\/www.scenesbuissonnieres.com\/scenesB\/\",\"logo\":{\"@type\":\"ImageObject\",\"inLanguage\":\"fr-FR\",\"@id\":\"https:\/\/www.scenesbuissonnieres.com\/scenesB\/#\/schema\/logo\/image\/\",\"url\":\"https:\/\/www.scenesbuissonnieres.com\/scenesB\/wp-content\/uploads\/2025\/12\/Bandeau_Site_2026.png\",\"contentUrl\":\"https:\/\/www.scenesbuissonnieres.com\/scenesB\/wp-content\/uploads\/2025\/12\/Bandeau_Site_2026.png\",\"width\":760,\"height\":200,\"caption\":\"Sc\u00e8nes Buissonni\u00e8res\"},\"image\":{\"@id\":\"https:\/\/www.scenesbuissonnieres.com\/scenesB\/#\/schema\/logo\/image\/\"}}]}<\/script>\n<!-- \/ Yoast SEO plugin. -->","yoast_head_json":{"title":"Gen\u00e8se - Sc\u00e8nes Buissonni\u00e8res","robots":{"index":"index","follow":"follow","max-snippet":"max-snippet:-1","max-image-preview":"max-image-preview:large","max-video-preview":"max-video-preview:-1"},"canonical":"https:\/\/www.scenesbuissonnieres.com\/scenesB\/lasso\/genese\/","og_locale":"fr_FR","og_type":"article","og_title":"Gen\u00e8se - Sc\u00e8nes Buissonni\u00e8res","og_description":"&nbsp; C\u2019est en 1999 que les Sc\u00e8nes Buissonni\u00e8res ont vu le jour \u00e0 l\u2019initiative de l\u2019association Nougatine. L\u2019id\u00e9e \u00e9tait de cr\u00e9er un espace de rencontres et d\u2019\u00e9changes autour des troupes du canton de La Br\u00e8de. Ainsi furent organis\u00e9es les deux &hellip; Gen\u00e8se Read More &raquo;","og_url":"https:\/\/www.scenesbuissonnieres.com\/scenesB\/lasso\/genese\/","og_site_name":"Sc\u00e8nes Buissonni\u00e8res","article_modified_time":"2023-05-14T17:18:49+00:00","twitter_card":"summary_large_image","twitter_misc":{"Dur\u00e9e de lecture estim\u00e9e":"1 minute"},"schema":{"@context":"https:\/\/schema.org","@graph":[{"@type":"WebPage","@id":"https:\/\/www.scenesbuissonnieres.com\/scenesB\/lasso\/genese\/","url":"https:\/\/www.scenesbuissonnieres.com\/scenesB\/lasso\/genese\/","name":"Gen\u00e8se - Sc\u00e8nes Buissonni\u00e8res","isPartOf":{"@id":"https:\/\/www.scenesbuissonnieres.com\/scenesB\/#website"},"datePublished":"2014-12-04T13:08:57+00:00","dateModified":"2023-05-14T17:18:49+00:00","breadcrumb":{"@id":"https:\/\/www.scenesbuissonnieres.com\/scenesB\/lasso\/genese\/#breadcrumb"},"inLanguage":"fr-FR","potentialAction":[{"@type":"ReadAction","target":["https:\/\/www.scenesbuissonnieres.com\/scenesB\/lasso\/genese\/"]}]},{"@type":"BreadcrumbList","@id":"https:\/\/www.scenesbuissonnieres.com\/scenesB\/lasso\/genese\/#breadcrumb","itemListElement":[{"@type":"ListItem","position":1,"name":"Accueil","item":"https:\/\/www.scenesbuissonnieres.com\/scenesB\/"},{"@type":"ListItem","position":2,"name":"L&rsquo;Asso","item":"https:\/\/www.scenesbuissonnieres.com\/scenesB\/lasso\/"},{"@type":"ListItem","position":3,"name":"Gen\u00e8se"}]},{"@type":"WebSite","@id":"https:\/\/www.scenesbuissonnieres.com\/scenesB\/#website","url":"https:\/\/www.scenesbuissonnieres.com\/scenesB\/","name":"Sc\u00e8nes Buissonni\u00e8res","description":"Le Festival de Th\u00e9\u00e2tre","publisher":{"@id":"https:\/\/www.scenesbuissonnieres.com\/scenesB\/#organization"},"potentialAction":[{"@type":"SearchAction","target":{"@type":"EntryPoint","urlTemplate":"https:\/\/www.scenesbuissonnieres.com\/scenesB\/?s={search_term_string}"},"query-input":"required name=search_term_string"}],"inLanguage":"fr-FR"},{"@type":"Organization","@id":"https:\/\/www.scenesbuissonnieres.com\/scenesB\/#organization","name":"Sc\u00e8nes Buissonni\u00e8res","url":"https:\/\/www.scenesbuissonnieres.com\/scenesB\/","logo":{"@type":"ImageObject","inLanguage":"fr-FR","@id":"https:\/\/www.scenesbuissonnieres.com\/scenesB\/#\/schema\/logo\/image\/","url":"https:\/\/www.scenesbuissonnieres.com\/scenesB\/wp-content\/uploads\/2025\/12\/Bandeau_Site_2026.png","contentUrl":"https:\/\/www.scenesbuissonnieres.com\/scenesB\/wp-content\/uploads\/2025\/12\/Bandeau_Site_2026.png","width":760,"height":200,"caption":"Sc\u00e8nes Buissonni\u00e8res"},"image":{"@id":"https:\/\/www.scenesbuissonnieres.com\/scenesB\/#\/schema\/logo\/image\/"}}]}},"_links":{"self":[{"href":"https:\/\/www.scenesbuissonnieres.com\/scenesB\/wp-json\/wp\/v2\/pages\/28"}],"collection":[{"href":"https:\/\/www.scenesbuissonnieres.com\/scenesB\/wp-json\/wp\/v2\/pages"}],"about":[{"href":"https:\/\/www.scenesbuissonnieres.com\/scenesB\/wp-json\/wp\/v2\/types\/page"}],"author":[{"embeddable":true,"href":"https:\/\/www.scenesbuissonnieres.com\/scenesB\/wp-json\/wp\/v2\/users\/1"}],"replies":[{"embeddable":true,"href":"https:\/\/www.scenesbuissonnieres.com\/scenesB\/wp-json\/wp\/v2\/comments?post=28"}],"version-history":[{"count":14,"href":"https:\/\/www.scenesbuissonnieres.com\/scenesB\/wp-json\/wp\/v2\/pages\/28\/revisions"}],"predecessor-version":[{"id":1214,"href":"https:\/\/www.scenesbuissonnieres.com\/scenesB\/wp-json\/wp\/v2\/pages\/28\/revisions\/1214"}],"up":[{"embeddable":true,"href":"https:\/\/www.scenesbuissonnieres.com\/scenesB\/wp-json\/wp\/v2\/pages\/101"}],"wp:attachment":[{"href":"https:\/\/www.scenesbuissonnieres.com\/scenesB\/wp-json\/wp\/v2\/media?parent=28"}],"curies":[{"name":"wp","href":"https:\/\/api.w.org\/{rel}","templated":true}]}}