{"id":229,"date":"2016-02-28T19:34:07","date_gmt":"2016-02-28T18:34:07","guid":{"rendered":"http:\/\/www.scenesbuissonnieres.com\/scenesB\/?page_id=229"},"modified":"2016-02-28T19:37:56","modified_gmt":"2016-02-28T18:37:56","slug":"mentions","status":"publish","type":"page","link":"https:\/\/www.scenesbuissonnieres.com\/scenesB\/mentions\/","title":{"rendered":"Mentions L\u00e9gales"},"content":{"rendered":"<p><img decoding=\"async\" src=\"\/scenesB\/wp-content\/images\/mini-fleche.png\" alt=\"\" \/> <strong>Association propri\u00e9taire du Site<\/strong><br \/>\nSCENES BUISSONNIERES<br \/>\n13 avenue du ch\u00e2teau<br \/>\n33650 LA BREDE<br \/>\ncontact @ scenesbuissonnieres.com<br \/>\nSiret : ???<br \/>\nCode APE : ???<br \/>\nN\u00b0 de Tva Intracommunautaire : FR????<\/p>\n<p><img decoding=\"async\" src=\"\/scenesB\/wp-content\/images\/mini-fleche.png\" alt=\"\" \/> <strong>R\u00e9alisation &amp; Conception<\/strong><br \/>\nLe site a \u00e9t\u00e9 r\u00e9alis\u00e9 par l&rsquo;association Sc\u00e8nes Buissonni\u00e8res<\/p>\n<p><img decoding=\"async\" src=\"\/scenesB\/wp-content\/images\/mini-fleche.png\" alt=\"\" \/> <strong>H\u00e9bergement<\/strong><br \/>\nLa Gestion, la Maintenance et le Suivi de l&rsquo;h\u00e9bergement sont r\u00e9alis\u00e9s par l&rsquo;association Sc\u00e8nes Buissonni\u00e8res.<br \/>\nL&rsquo;h\u00e9bergement du site est r\u00e9alis\u00e9 par la soci\u00e9t\u00e9 OVH :<br \/>\nSAS au capital de 10 059 500 \u20ac<br \/>\nRCS Lille M\u00e9tropole 424 761 419 00045<br \/>\nCode APE 6202A<br \/>\nN\u00b0 TVA : FR 22 424 761 419<br \/>\nSi\u00e8ge social : 2 rue Kellermann &#8211; 59100 Roubaix &#8211; France.<br \/>\nDirecteur de la publication : Octave KLABA<\/p>\n<p><img decoding=\"async\" src=\"\/scenesB\/wp-content\/images\/mini-fleche.png\" alt=\"\" \/> <strong>Droits d&rsquo;auteurs<\/strong><br \/>\nEn application du Code fran\u00e7ais de la Propri\u00e9t\u00e9 Intellectuelle et, plus g\u00e9n\u00e9ralement, des trait\u00e9s et accords internationaux comportant des dispositions relatives \u00e0 la protection des droits d&rsquo;auteurs, vous vous interdirez de reproduire pour un usage autre que priv\u00e9 mais aussi de vendre, distribuer, \u00e9mettre, diffuser, adapter, modifier, publier, communiquer int\u00e9gralement ou partiellement, sous quelque forme que ce soit, les donn\u00e9es, la pr\u00e9sentation ou l&rsquo;organisation du site sans l&rsquo;autorisation \u00e9crite pr\u00e9alable de l&rsquo;association Sc\u00e8nes Buissonni\u00e8res \u00a9.<\/p>\n<p><img decoding=\"async\" src=\"\/scenesB\/wp-content\/images\/mini-fleche.png\" alt=\"\" \/> <strong>L\u00e9gislation fran\u00e7aise relative au droit d&rsquo;acc\u00e8s au fichier informatis\u00e9<\/strong><br \/>\nConform\u00e9ment \u00e0 la loi fran\u00e7aise N\u00b7 78-17 du 6 janvier 1978 relative \u00e0 l&rsquo;informatique, aux fichiers et aux libert\u00e9s (CNIL), tout utilisateur ayant d\u00e9pos\u00e9 sur ce site des informations directement ou indirectement nominatives, peut demander la communication des informations nominatives le concernant en s&rsquo;adressant \u00e0 : Association Sc\u00e8nes Buissonni\u00e8res, 13 avenue du ch\u00e2teau 33650 LA BREDE et les faire rectifier le cas \u00e9ch\u00e9ant.<\/p>\n<p><img decoding=\"async\" src=\"\/scenesB\/wp-content\/images\/mini-fleche.png\" alt=\"\" \/> <strong>D\u00e9charge de responsabilit\u00e9<\/strong><br \/>\nAlors que nous avons effectu\u00e9 toutes les d\u00e9marches pour nous assurer de la fiabilit\u00e9 des informations contenues sur ce site internet, l&rsquo;association Sc\u00e8nes Buissonni\u00e8res ne peut encourir aucune responsabilit\u00e9 du fait d&rsquo;erreurs, d&rsquo;omissions, ou pour les r\u00e9sultats qui pourraient \u00eatre obtenus par l&rsquo;usage de ces informations.<br \/>\nL&rsquo;association Sc\u00e8nes Buissonni\u00e8res n&rsquo;est tenu que d&rsquo;une obligation de moyens concernant les informations qu&rsquo;il met \u00e0 disposition des personnes qui acc\u00e8dent \u00e0 son site internet.<br \/>\nPar ailleurs, l&rsquo;usage de liens hypertextes peut conduire votre consultation de notre site vers d&rsquo;autres serveurs, serveurs sur lesquels l&rsquo;association Sc\u00e8nes Buissonni\u00e8res n&rsquo;a aucun contr\u00f4le.<\/p>\n<p><img decoding=\"async\" src=\"\/scenesB\/wp-content\/images\/mini-fleche.png\" alt=\"\" \/> <strong>Acc\u00e8s au site Internet<\/strong><br \/>\nL&rsquo;acc\u00e8s au Site est possible 24 heures sur 24, 7 jours sur 7, sauf en cas de force majeure ou d&rsquo;un \u00e9v\u00e9nement hors du contr\u00f4le de l&rsquo;association Sc\u00e8nes Buissonni\u00e8res et sous r\u00e9serve des \u00e9ventuelles pannes et interventions de maintenance n\u00e9cessaires au bon fonctionnement du Site et des mat\u00e9riels aff\u00e9rents.<br \/>\nL&rsquo;acc\u00e8s au service se fait \u00e0 partir d&rsquo;un micro-ordinateur connect\u00e9 \u00e0 un r\u00e9seau de t\u00e9l\u00e9communication permettant l&rsquo;acc\u00e8s au Site selon les protocoles de communication utilis\u00e9s sur le r\u00e9seau d&rsquo;Internet.<\/p>\n","protected":false},"excerpt":{"rendered":"<p>Association propri\u00e9taire du Site SCENES BUISSONNIERES 13 avenue du ch\u00e2teau 33650 LA BREDE contact @ scenesbuissonnieres.com Siret : ??? Code APE : ??? N\u00b0 de Tva Intracommunautaire : FR???? R\u00e9alisation &amp; Conception Le site a \u00e9t\u00e9 r\u00e9alis\u00e9 par l&rsquo;association Sc\u00e8nes &hellip;<\/p>\n<p class=\"read-more\"> <a class=\"more-link\" href=\"https:\/\/www.scenesbuissonnieres.com\/scenesB\/mentions\/\"> <span class=\"screen-reader-text\">Mentions L\u00e9gales<\/span> Read More &raquo;<\/a><\/p>\n","protected":false},"author":1,"featured_media":0,"parent":0,"menu_order":0,"comment_status":"closed","ping_status":"closed","template":"","meta":[],"yoast_head":"<!-- This site is optimized with the Yoast SEO plugin v21.8.1 - https:\/\/yoast.com\/wordpress\/plugins\/seo\/ -->\n<title>Mentions L\u00e9gales - Sc\u00e8nes Buissonni\u00e8res<\/title>\n<meta name=\"robots\" content=\"index, follow, max-snippet:-1, max-image-preview:large, max-video-preview:-1\" \/>\n<link rel=\"canonical\" href=\"https:\/\/www.scenesbuissonnieres.com\/scenesB\/mentions\/\" \/>\n<meta property=\"og:locale\" content=\"fr_FR\" \/>\n<meta property=\"og:type\" content=\"article\" \/>\n<meta property=\"og:title\" content=\"Mentions L\u00e9gales - Sc\u00e8nes Buissonni\u00e8res\" \/>\n<meta property=\"og:description\" content=\"Association propri\u00e9taire du Site SCENES BUISSONNIERES 13 avenue du ch\u00e2teau 33650 LA BREDE contact @ scenesbuissonnieres.com Siret : ??? Code APE : ??? N\u00b0 de Tva Intracommunautaire : FR???? R\u00e9alisation &amp; Conception Le site a \u00e9t\u00e9 r\u00e9alis\u00e9 par l&rsquo;association Sc\u00e8nes &hellip; Mentions L\u00e9gales Read More &raquo;\" \/>\n<meta property=\"og:url\" content=\"https:\/\/www.scenesbuissonnieres.com\/scenesB\/mentions\/\" \/>\n<meta property=\"og:site_name\" content=\"Sc\u00e8nes Buissonni\u00e8res\" \/>\n<meta property=\"article:modified_time\" content=\"2016-02-28T18:37:56+00:00\" \/>\n<meta name=\"twitter:card\" content=\"summary_large_image\" \/>\n<meta name=\"twitter:label1\" content=\"Dur\u00e9e de lecture estim\u00e9e\" \/>\n\t<meta name=\"twitter:data1\" content=\"2 minutes\" \/>\n<script type=\"application\/ld+json\" class=\"yoast-schema-graph\">{\"@context\":\"https:\/\/schema.org\",\"@graph\":[{\"@type\":\"WebPage\",\"@id\":\"https:\/\/www.scenesbuissonnieres.com\/scenesB\/mentions\/\",\"url\":\"https:\/\/www.scenesbuissonnieres.com\/scenesB\/mentions\/\",\"name\":\"Mentions L\u00e9gales - Sc\u00e8nes Buissonni\u00e8res\",\"isPartOf\":{\"@id\":\"https:\/\/www.scenesbuissonnieres.com\/scenesB\/#website\"},\"datePublished\":\"2016-02-28T18:34:07+00:00\",\"dateModified\":\"2016-02-28T18:37:56+00:00\",\"breadcrumb\":{\"@id\":\"https:\/\/www.scenesbuissonnieres.com\/scenesB\/mentions\/#breadcrumb\"},\"inLanguage\":\"fr-FR\",\"potentialAction\":[{\"@type\":\"ReadAction\",\"target\":[\"https:\/\/www.scenesbuissonnieres.com\/scenesB\/mentions\/\"]}]},{\"@type\":\"BreadcrumbList\",\"@id\":\"https:\/\/www.scenesbuissonnieres.com\/scenesB\/mentions\/#breadcrumb\",\"itemListElement\":[{\"@type\":\"ListItem\",\"position\":1,\"name\":\"Accueil\",\"item\":\"https:\/\/www.scenesbuissonnieres.com\/scenesB\/\"},{\"@type\":\"ListItem\",\"position\":2,\"name\":\"Mentions L\u00e9gales\"}]},{\"@type\":\"WebSite\",\"@id\":\"https:\/\/www.scenesbuissonnieres.com\/scenesB\/#website\",\"url\":\"https:\/\/www.scenesbuissonnieres.com\/scenesB\/\",\"name\":\"Sc\u00e8nes Buissonni\u00e8res\",\"description\":\"Le Festival de Th\u00e9\u00e2tre\",\"publisher\":{\"@id\":\"https:\/\/www.scenesbuissonnieres.com\/scenesB\/#organization\"},\"potentialAction\":[{\"@type\":\"SearchAction\",\"target\":{\"@type\":\"EntryPoint\",\"urlTemplate\":\"https:\/\/www.scenesbuissonnieres.com\/scenesB\/?s={search_term_string}\"},\"query-input\":\"required name=search_term_string\"}],\"inLanguage\":\"fr-FR\"},{\"@type\":\"Organization\",\"@id\":\"https:\/\/www.scenesbuissonnieres.com\/scenesB\/#organization\",\"name\":\"Sc\u00e8nes Buissonni\u00e8res\",\"url\":\"https:\/\/www.scenesbuissonnieres.com\/scenesB\/\",\"logo\":{\"@type\":\"ImageObject\",\"inLanguage\":\"fr-FR\",\"@id\":\"https:\/\/www.scenesbuissonnieres.com\/scenesB\/#\/schema\/logo\/image\/\",\"url\":\"https:\/\/www.scenesbuissonnieres.com\/scenesB\/wp-content\/uploads\/2025\/12\/Bandeau_Site_2026.png\",\"contentUrl\":\"https:\/\/www.scenesbuissonnieres.com\/scenesB\/wp-content\/uploads\/2025\/12\/Bandeau_Site_2026.png\",\"width\":760,\"height\":200,\"caption\":\"Sc\u00e8nes Buissonni\u00e8res\"},\"image\":{\"@id\":\"https:\/\/www.scenesbuissonnieres.com\/scenesB\/#\/schema\/logo\/image\/\"}}]}<\/script>\n<!-- \/ Yoast SEO plugin. -->","yoast_head_json":{"title":"Mentions L\u00e9gales - Sc\u00e8nes Buissonni\u00e8res","robots":{"index":"index","follow":"follow","max-snippet":"max-snippet:-1","max-image-preview":"max-image-preview:large","max-video-preview":"max-video-preview:-1"},"canonical":"https:\/\/www.scenesbuissonnieres.com\/scenesB\/mentions\/","og_locale":"fr_FR","og_type":"article","og_title":"Mentions L\u00e9gales - Sc\u00e8nes Buissonni\u00e8res","og_description":"Association propri\u00e9taire du Site SCENES BUISSONNIERES 13 avenue du ch\u00e2teau 33650 LA BREDE contact @ scenesbuissonnieres.com Siret : ??? Code APE : ??? N\u00b0 de Tva Intracommunautaire : FR???? R\u00e9alisation &amp; Conception Le site a \u00e9t\u00e9 r\u00e9alis\u00e9 par l&rsquo;association Sc\u00e8nes &hellip; Mentions L\u00e9gales Read More &raquo;","og_url":"https:\/\/www.scenesbuissonnieres.com\/scenesB\/mentions\/","og_site_name":"Sc\u00e8nes Buissonni\u00e8res","article_modified_time":"2016-02-28T18:37:56+00:00","twitter_card":"summary_large_image","twitter_misc":{"Dur\u00e9e de lecture estim\u00e9e":"2 minutes"},"schema":{"@context":"https:\/\/schema.org","@graph":[{"@type":"WebPage","@id":"https:\/\/www.scenesbuissonnieres.com\/scenesB\/mentions\/","url":"https:\/\/www.scenesbuissonnieres.com\/scenesB\/mentions\/","name":"Mentions L\u00e9gales - Sc\u00e8nes Buissonni\u00e8res","isPartOf":{"@id":"https:\/\/www.scenesbuissonnieres.com\/scenesB\/#website"},"datePublished":"2016-02-28T18:34:07+00:00","dateModified":"2016-02-28T18:37:56+00:00","breadcrumb":{"@id":"https:\/\/www.scenesbuissonnieres.com\/scenesB\/mentions\/#breadcrumb"},"inLanguage":"fr-FR","potentialAction":[{"@type":"ReadAction","target":["https:\/\/www.scenesbuissonnieres.com\/scenesB\/mentions\/"]}]},{"@type":"BreadcrumbList","@id":"https:\/\/www.scenesbuissonnieres.com\/scenesB\/mentions\/#breadcrumb","itemListElement":[{"@type":"ListItem","position":1,"name":"Accueil","item":"https:\/\/www.scenesbuissonnieres.com\/scenesB\/"},{"@type":"ListItem","position":2,"name":"Mentions L\u00e9gales"}]},{"@type":"WebSite","@id":"https:\/\/www.scenesbuissonnieres.com\/scenesB\/#website","url":"https:\/\/www.scenesbuissonnieres.com\/scenesB\/","name":"Sc\u00e8nes Buissonni\u00e8res","description":"Le Festival de Th\u00e9\u00e2tre","publisher":{"@id":"https:\/\/www.scenesbuissonnieres.com\/scenesB\/#organization"},"potentialAction":[{"@type":"SearchAction","target":{"@type":"EntryPoint","urlTemplate":"https:\/\/www.scenesbuissonnieres.com\/scenesB\/?s={search_term_string}"},"query-input":"required name=search_term_string"}],"inLanguage":"fr-FR"},{"@type":"Organization","@id":"https:\/\/www.scenesbuissonnieres.com\/scenesB\/#organization","name":"Sc\u00e8nes Buissonni\u00e8res","url":"https:\/\/www.scenesbuissonnieres.com\/scenesB\/","logo":{"@type":"ImageObject","inLanguage":"fr-FR","@id":"https:\/\/www.scenesbuissonnieres.com\/scenesB\/#\/schema\/logo\/image\/","url":"https:\/\/www.scenesbuissonnieres.com\/scenesB\/wp-content\/uploads\/2025\/12\/Bandeau_Site_2026.png","contentUrl":"https:\/\/www.scenesbuissonnieres.com\/scenesB\/wp-content\/uploads\/2025\/12\/Bandeau_Site_2026.png","width":760,"height":200,"caption":"Sc\u00e8nes Buissonni\u00e8res"},"image":{"@id":"https:\/\/www.scenesbuissonnieres.com\/scenesB\/#\/schema\/logo\/image\/"}}]}},"_links":{"self":[{"href":"https:\/\/www.scenesbuissonnieres.com\/scenesB\/wp-json\/wp\/v2\/pages\/229"}],"collection":[{"href":"https:\/\/www.scenesbuissonnieres.com\/scenesB\/wp-json\/wp\/v2\/pages"}],"about":[{"href":"https:\/\/www.scenesbuissonnieres.com\/scenesB\/wp-json\/wp\/v2\/types\/page"}],"author":[{"embeddable":true,"href":"https:\/\/www.scenesbuissonnieres.com\/scenesB\/wp-json\/wp\/v2\/users\/1"}],"replies":[{"embeddable":true,"href":"https:\/\/www.scenesbuissonnieres.com\/scenesB\/wp-json\/wp\/v2\/comments?post=229"}],"version-history":[{"count":4,"href":"https:\/\/www.scenesbuissonnieres.com\/scenesB\/wp-json\/wp\/v2\/pages\/229\/revisions"}],"predecessor-version":[{"id":233,"href":"https:\/\/www.scenesbuissonnieres.com\/scenesB\/wp-json\/wp\/v2\/pages\/229\/revisions\/233"}],"wp:attachment":[{"href":"https:\/\/www.scenesbuissonnieres.com\/scenesB\/wp-json\/wp\/v2\/media?parent=229"}],"curies":[{"name":"wp","href":"https:\/\/api.w.org\/{rel}","templated":true}]}}